{"id":47,"date":"2021-04-25T20:41:25","date_gmt":"2021-04-25T20:41:25","guid":{"rendered":"http:\/\/www.inafashion.com.pl\/?page_id=47"},"modified":"2024-02-09T20:02:31","modified_gmt":"2024-02-09T20:02:31","slug":"galeria-zrealizowanych-projektow-inafashion-com-pl","status":"publish","type":"page","link":"https:\/\/www.inafashion.com.pl\/index.php\/galeria-zrealizowanych-projektow-inafashion-com-pl\/","title":{"rendered":"Galeria zrealizowanych projekt\u00f3w InaFashion.com.pl"},"content":{"rendered":"\n<div class=\"wp-block-cover has-background-dim\"><img loading=\"lazy\" width=\"1464\" height=\"1093\" class=\"wp-block-cover__image-background wp-image-93\" alt=\"\" src=\"http:\/\/www.inafashion.com.pl\/wp-content\/uploads\/2021\/05\/dzierzgowo-2.jpg\" data-object-fit=\"cover\" srcset=\"https:\/\/www.inafashion.com.pl\/wp-content\/uploads\/2021\/05\/dzierzgowo-2.jpg 1464w, https:\/\/www.inafashion.com.pl\/wp-content\/uploads\/2021\/05\/dzierzgowo-2-300x224.jpg 300w, https:\/\/www.inafashion.com.pl\/wp-content\/uploads\/2021\/05\/dzierzgowo-2-1024x765.jpg 1024w, https:\/\/www.inafashion.com.pl\/wp-content\/uploads\/2021\/05\/dzierzgowo-2-768x573.jpg 768w\" sizes=\"(max-width: 1464px) 100vw, 1464px\" \/><div class=\"wp-block-cover__inner-container\">\n<p class=\"has-text-align-center has-large-font-size\">Galeria zrealizowanych projekt\u00f3w InaFashion.com.pl<\/p>\n<\/div><\/div>\n\n\n\n<p>Zapraszamy do zapoznania si\u0119 z galeri\u0105 zrealizowanych przez nasz\u0105 firm\u0119 projekt\u00f3w. Cieszymy si\u0119, \u017ce po zapoznaniu si\u0119 z informacjami o nas, zechcieli Pa\u0144stwo przej\u015b\u0107 dalej, aby przyjrze\u0107 si\u0119 owocom naszej pracy.<\/p>\n\n\n\n<p>Na poni\u017cszej stronie prezentujemy Pa\u0144stwu wybrane stroje dla cheerleaderek i stroje dla ma\u017coretek, przygotowywane dla ca\u0142ych zespo\u0142\u00f3w. Na kolejnej stronie mog\u0105 Pa\u0144stwo obejrze\u0107 wybrane stroje dla solistek, przygotowane przez nasz\u0105 firm\u0119, jak r\u00f3wnie\u017c r\u0119kawiczki dla ma\u017coretek oraz fura\u017cerki dla ma\u017coretek.<\/p>\n\n\n\n<p>Poni\u017csza galeria nie zawiera wszystkich wykonanych przez nas zlece\u0144. Powodem jest to, \u017ce nie zawsze nasi klienci przesy\u0142ali nam zdj\u0119cia, albo nie wyra\u017cali zgody na ich publikacj\u0119. Nasze projekty by\u0142y te\u017c kilkakrotnie kopiowane, dlatego jest to tylko pewien wycinek naszych mo\u017cliwo\u015bci.<\/p>\n\n\n\n<p>W toku naszej dzia\u0142alno\u015bci wykonywali\u015bmy r\u00f3wnie\u017c<\/p>\n\n\n\n<p>\u2022 komplety stroj\u00f3w dla cheerleaderek, przeznaczone na imprezy firmowe dla du\u017cych i znanych korporacji<\/p>\n\n\n\n<p>\u2022 fura\u017cerki dla hostess oraz fura\u017cerki dla personelu hotelowego<\/p>\n\n\n\n<p>Zapraszamy do polubienia naszej strony na Facebook. Udost\u0119pniamy tam szereg zdj\u0119\u0107 z fanpage naszych klient\u00f3w, kt\u00f3rych nie ma w poni\u017cszej galerii. Na naszym fanpage znajduj\u0105 si\u0119 r\u00f3wnie\u017c filmy z szeregu wydarze\u0144, w kt\u00f3rych bra\u0142y udzia\u0142 cheerleaderki oraz ma\u017coretki, w wykonanych przez nasz\u0105 firm\u0119 strojach.<\/p>\n\n\n\n<p><strong>Co charakteryzuje nasz\u0105 prac\u0119?<\/strong> Nie powielamy projekt\u00f3w, nie posiadamy katalogu. Dla ka\u017cdego klienta staramy si\u0119 przygotowa\u0107 diametralnie nowy str\u00f3j, wedle jego oczekiwa\u0144. Doradzamy przy wyborze kolorystyki oraz dodatk\u00f3w. Mo\u017cemy skorzysta\u0107 z wzoru, opracowanego przez zamawiaj\u0105cego. Przy tworzeniu stroj\u00f3w korzystamy z materia\u0142\u00f3w wysokiej jako\u015bci oraz z efektownych dodatk\u00f3w. Staramy si\u0119 r\u00f3wnie\u017c realizowa\u0107 nasze zam\u00f3wienia jak najszybciej, cho\u0107 czasami, z racji bardzo du\u017cej ilo\u015bci zam\u00f3wie\u0144, szybka realizacja nie jest mo\u017cliwa.<\/p>\n\n\n\n<p>Zazwyczaj przygotowujemy cale komplety stroj\u00f3w. Przyk\u0142adowo, kompletny str\u00f3j dla ma\u017coretki, wykonany przez nasz\u0105 firm\u0119, mo\u017ce sk\u0142ada\u0107 si\u0119 z:<\/p>\n\n\n\n<p>\u2022 bluzki<\/p>\n\n\n\n<p>\u2022 sukienki<\/p>\n\n\n\n<p>\u2022 szort\u00f3w<\/p>\n\n\n\n<p>\u2022 r\u0119kawiczek<\/p>\n\n\n\n<p>\u2022 fura\u017cerki<\/p>\n\n\n\n<p>Dodatkowo mo\u017ce on r\u00f3wnie\u017c zawiera\u0107 p\u0142aszczyk (np. z polaru) na ch\u0142odniejsze dni. Zdj\u0119cia p\u0142aszczyk\u00f3w znajduj\u0105 si\u0119 r\u00f3wnie\u017c w poni\u017cszej galerii.<\/p>\n\n\n\n<p>Wszystko zale\u017cy oczywi\u015bcie od preferencji zamawiaj\u0105cego. Jeste\u015bmy otwarci na propozycje. Zapraszamy do kontaktu telefonicznego i mailowego.<br><br><\/p>\n\n\n\n<h2>Stroje dla ma\u017coretek i stroje dla cheerleaderek &#8211; galeria zrealizowanych projekt\u00f3w InaFashion<\/h2>\n\n\n\n<p><strong>Ma\u017coretki z Gminnego O\u015brodka Kultury w Widawie<\/strong><\/p>\n\n\n\n<p><\/p>\n\n\n\n<figure class=\"wp-block-image size-large\"><img loading=\"lazy\" width=\"1024\" height=\"683\" src=\"https:\/\/www.inafashion.com.pl\/wp-content\/uploads\/2024\/02\/Widawaa1-1024x683.jpg\" alt=\"Ma\u017coretki z Domu Kultury w Widawie. Stroje dla ma\u017coretek wykonane przez nasz\u0105 firm\u0119. https:\/\/www.inafashion.com.pl\" class=\"wp-image-311\" srcset=\"https:\/\/www.inafashion.com.pl\/wp-content\/uploads\/2024\/02\/Widawaa1-1024x683.jpg 1024w, https:\/\/www.inafashion.com.pl\/wp-content\/uploads\/2024\/02\/Widawaa1-300x200.jpg 300w, https:\/\/www.inafashion.com.pl\/wp-content\/uploads\/2024\/02\/Widawaa1-768x512.jpg 768w, https:\/\/www.inafashion.com.pl\/wp-content\/uploads\/2024\/02\/Widawaa1-920x613.jpg 920w, https:\/\/www.inafashion.com.pl\/wp-content\/uploads\/2024\/02\/Widawaa1.jpg 1080w\" sizes=\"(max-width: 1024px) 100vw, 1024px\" \/><figcaption><br><\/figcaption><\/figure>\n\n\n\n<figure class=\"wp-block-image size-large\"><img loading=\"lazy\" width=\"1024\" height=\"683\" src=\"https:\/\/www.inafashion.com.pl\/wp-content\/uploads\/2024\/02\/widawaa2-1024x683.jpg\" alt=\"Ma\u017coretki z Domu Kultury w Widawie. Stroje dla ma\u017coretek wykonane przez nasz\u0105 firm\u0119. https:\/\/www.inafashion.com.pl\" class=\"wp-image-312\" srcset=\"https:\/\/www.inafashion.com.pl\/wp-content\/uploads\/2024\/02\/widawaa2-1024x683.jpg 1024w, https:\/\/www.inafashion.com.pl\/wp-content\/uploads\/2024\/02\/widawaa2-300x200.jpg 300w, https:\/\/www.inafashion.com.pl\/wp-content\/uploads\/2024\/02\/widawaa2-768x512.jpg 768w, https:\/\/www.inafashion.com.pl\/wp-content\/uploads\/2024\/02\/widawaa2-920x613.jpg 920w, https:\/\/www.inafashion.com.pl\/wp-content\/uploads\/2024\/02\/widawaa2.jpg 1080w\" sizes=\"(max-width: 1024px) 100vw, 1024px\" \/><\/figure>\n\n\n\n<figure class=\"wp-block-image size-large\"><img loading=\"lazy\" width=\"1024\" height=\"683\" src=\"https:\/\/www.inafashion.com.pl\/wp-content\/uploads\/2024\/02\/widawaa3-1-1024x683.jpg\" alt=\"Ma\u017coretki z Domu Kultury w Widawie. Stroje dla ma\u017coretek wykonane przez nasz\u0105 firm\u0119. https:\/\/www.inafashion.com.pl\" class=\"wp-image-313\" srcset=\"https:\/\/www.inafashion.com.pl\/wp-content\/uploads\/2024\/02\/widawaa3-1-1024x683.jpg 1024w, https:\/\/www.inafashion.com.pl\/wp-content\/uploads\/2024\/02\/widawaa3-1-300x200.jpg 300w, https:\/\/www.inafashion.com.pl\/wp-content\/uploads\/2024\/02\/widawaa3-1-768x512.jpg 768w, https:\/\/www.inafashion.com.pl\/wp-content\/uploads\/2024\/02\/widawaa3-1-1536x1024.jpg 1536w, https:\/\/www.inafashion.com.pl\/wp-content\/uploads\/2024\/02\/widawaa3-1-920x613.jpg 920w, https:\/\/www.inafashion.com.pl\/wp-content\/uploads\/2024\/02\/widawaa3-1.jpg 1620w\" sizes=\"(max-width: 1024px) 100vw, 1024px\" \/><\/figure>\n\n\n\n<p><strong>Ma\u017coretki z Domu Kultury w Koniecpolu <\/strong>&#8211; <strong>Koniecpolskie Ma\u017coretki<\/strong> po raz pierwszy <br>(zdj\u0119cia ze strony Domu Kultury w Koniecpolu)<\/p>\n\n\n\n<figure class=\"wp-block-image size-large\"><img loading=\"lazy\" width=\"1024\" height=\"683\" src=\"https:\/\/www.inafashion.com.pl\/wp-content\/uploads\/2024\/02\/koniecpol3-1024x683.jpg\" alt=\"Ma\u017coretki z Domu Kultury w Koniecpolu (ma\u017coretki Koniecpol). Stroje dla ma\u017coretek wykonane przez nasz\u0105 firm\u0119. https:\/\/www.inafashion.com.pl\" class=\"wp-image-322\" srcset=\"https:\/\/www.inafashion.com.pl\/wp-content\/uploads\/2024\/02\/koniecpol3-1024x683.jpg 1024w, https:\/\/www.inafashion.com.pl\/wp-content\/uploads\/2024\/02\/koniecpol3-300x200.jpg 300w, https:\/\/www.inafashion.com.pl\/wp-content\/uploads\/2024\/02\/koniecpol3-768x512.jpg 768w, https:\/\/www.inafashion.com.pl\/wp-content\/uploads\/2024\/02\/koniecpol3-1536x1024.jpg 1536w, https:\/\/www.inafashion.com.pl\/wp-content\/uploads\/2024\/02\/koniecpol3-920x613.jpg 920w, https:\/\/www.inafashion.com.pl\/wp-content\/uploads\/2024\/02\/koniecpol3.jpg 2048w\" sizes=\"(max-width: 1024px) 100vw, 1024px\" \/><\/figure>\n\n\n\n<figure class=\"wp-block-image size-large\"><img loading=\"lazy\" width=\"1024\" height=\"683\" src=\"https:\/\/www.inafashion.com.pl\/wp-content\/uploads\/2024\/02\/Koniecpol-1024x683.jpg\" alt=\"Ma\u017coretki z Domu Kultury w Koniecpolu. Stroje dla ma\u017coretek wykonane przez nasz\u0105 firm\u0119 InaFashion.com.pl zdj\u0119cie ze strony Domu Kultury Koniecpol\" class=\"wp-image-315\" srcset=\"https:\/\/www.inafashion.com.pl\/wp-content\/uploads\/2024\/02\/Koniecpol-1024x683.jpg 1024w, https:\/\/www.inafashion.com.pl\/wp-content\/uploads\/2024\/02\/Koniecpol-300x200.jpg 300w, https:\/\/www.inafashion.com.pl\/wp-content\/uploads\/2024\/02\/Koniecpol-768x512.jpg 768w, https:\/\/www.inafashion.com.pl\/wp-content\/uploads\/2024\/02\/Koniecpol-1536x1024.jpg 1536w, https:\/\/www.inafashion.com.pl\/wp-content\/uploads\/2024\/02\/Koniecpol-920x613.jpg 920w, https:\/\/www.inafashion.com.pl\/wp-content\/uploads\/2024\/02\/Koniecpol.jpg 2048w\" sizes=\"(max-width: 1024px) 100vw, 1024px\" \/><\/figure>\n\n\n\n<figure class=\"wp-block-image size-large\"><img loading=\"lazy\" width=\"1024\" height=\"683\" src=\"https:\/\/www.inafashion.com.pl\/wp-content\/uploads\/2024\/02\/Koniecpol2-1024x683.jpg\" alt=\"Ma\u017coretki z Domu Kultury w Koniecpolu. Stroje dla ma\u017coretek wykonane przez nasz\u0105 firm\u0119 InaFashion.com.pl zdj\u0119cie ze strony Domu Kultury Koniecpol\" class=\"wp-image-316\" srcset=\"https:\/\/www.inafashion.com.pl\/wp-content\/uploads\/2024\/02\/Koniecpol2-1024x683.jpg 1024w, https:\/\/www.inafashion.com.pl\/wp-content\/uploads\/2024\/02\/Koniecpol2-300x200.jpg 300w, https:\/\/www.inafashion.com.pl\/wp-content\/uploads\/2024\/02\/Koniecpol2-768x512.jpg 768w, https:\/\/www.inafashion.com.pl\/wp-content\/uploads\/2024\/02\/Koniecpol2-1536x1024.jpg 1536w, https:\/\/www.inafashion.com.pl\/wp-content\/uploads\/2024\/02\/Koniecpol2-920x613.jpg 920w, https:\/\/www.inafashion.com.pl\/wp-content\/uploads\/2024\/02\/Koniecpol2.jpg 2048w\" sizes=\"(max-width: 1024px) 100vw, 1024px\" \/><\/figure>\n\n\n\n<p><strong>M\u0142odzie\u017cowa Orkiestra D\u0119ta z Koniecpolu <\/strong><\/p>\n\n\n\n<p>Nasza firma wykona\u0142a ciep\u0142e peleryny dla zespo\u0142u M\u0142odzie\u017cowej Orkiestry D\u0119tej w Koniecpolu (zdj\u0119cia ze strony Domu Kultury w Koniecpolu). <br><\/p>\n\n\n\n<figure class=\"wp-block-image size-large\"><img loading=\"lazy\" width=\"1024\" height=\"684\" src=\"https:\/\/www.inafashion.com.pl\/wp-content\/uploads\/2024\/02\/peleryny1-1024x684.jpg\" alt=\"Peleryny dla orkiestry d\u0119tej w Koniecpolu, wykonane przez nasz\u0105 firm\u0119 https:\/\/www.inafashion.com.pl \" class=\"wp-image-324\" srcset=\"https:\/\/www.inafashion.com.pl\/wp-content\/uploads\/2024\/02\/peleryny1-1024x684.jpg 1024w, https:\/\/www.inafashion.com.pl\/wp-content\/uploads\/2024\/02\/peleryny1-300x200.jpg 300w, https:\/\/www.inafashion.com.pl\/wp-content\/uploads\/2024\/02\/peleryny1-768x513.jpg 768w, https:\/\/www.inafashion.com.pl\/wp-content\/uploads\/2024\/02\/peleryny1-1536x1025.jpg 1536w, https:\/\/www.inafashion.com.pl\/wp-content\/uploads\/2024\/02\/peleryny1.jpg 2048w\" sizes=\"(max-width: 1024px) 100vw, 1024px\" \/><\/figure>\n\n\n\n<figure class=\"wp-block-image size-large\"><img loading=\"lazy\" width=\"1024\" height=\"682\" src=\"https:\/\/www.inafashion.com.pl\/wp-content\/uploads\/2024\/02\/peleryny2-1024x682.jpg\" alt=\"M\u0142odzie\u017cowa Orkiestra D\u0119ta w Koniecpolu w pelerynach wykonanych przez nasz\u0105 firm\u0119 https:\/\/www.inafashion.com.pl\" class=\"wp-image-326\" srcset=\"https:\/\/www.inafashion.com.pl\/wp-content\/uploads\/2024\/02\/peleryny2-1024x682.jpg 1024w, https:\/\/www.inafashion.com.pl\/wp-content\/uploads\/2024\/02\/peleryny2-300x200.jpg 300w, https:\/\/www.inafashion.com.pl\/wp-content\/uploads\/2024\/02\/peleryny2-768x512.jpg 768w, https:\/\/www.inafashion.com.pl\/wp-content\/uploads\/2024\/02\/peleryny2-1536x1023.jpg 1536w, https:\/\/www.inafashion.com.pl\/wp-content\/uploads\/2024\/02\/peleryny2-920x613.jpg 920w, https:\/\/www.inafashion.com.pl\/wp-content\/uploads\/2024\/02\/peleryny2.jpg 2048w\" sizes=\"(max-width: 1024px) 100vw, 1024px\" \/><\/figure>\n\n\n\n<p><\/p>\n\n\n\n<p>Ma\u017coretki Bys\u0142awskie <br>(zdj\u0119cia z fanpage Ma\u017coretki Bys\u0142awskie na Facebook) <br><\/p>\n\n\n\n<figure class=\"wp-block-image size-large\"><img loading=\"lazy\" width=\"1024\" height=\"768\" src=\"https:\/\/www.inafashion.com.pl\/wp-content\/uploads\/2024\/02\/Byslawskie1-1024x768.jpg\" alt=\"Ma\u017coretki bys\u0142awskie w strojach dla ma\u017coretek wykonanych przez nasz\u0105 firm\u0119 https:\/\/www.inafashion.com.pl \" class=\"wp-image-328\" srcset=\"https:\/\/www.inafashion.com.pl\/wp-content\/uploads\/2024\/02\/Byslawskie1-1024x768.jpg 1024w, https:\/\/www.inafashion.com.pl\/wp-content\/uploads\/2024\/02\/Byslawskie1-300x225.jpg 300w, https:\/\/www.inafashion.com.pl\/wp-content\/uploads\/2024\/02\/Byslawskie1-768x576.jpg 768w, https:\/\/www.inafashion.com.pl\/wp-content\/uploads\/2024\/02\/Byslawskie1-1536x1152.jpg 1536w, https:\/\/www.inafashion.com.pl\/wp-content\/uploads\/2024\/02\/Byslawskie1.jpg 2048w\" sizes=\"(max-width: 1024px) 100vw, 1024px\" \/><\/figure>\n\n\n\n<figure class=\"wp-block-image size-large\"><img loading=\"lazy\" width=\"1024\" height=\"768\" src=\"https:\/\/www.inafashion.com.pl\/wp-content\/uploads\/2024\/02\/Byslawskie2-1024x768.jpg\" alt=\"Ma\u017coretki Bys\u0142awskie w strojach, kt\u00f3re przygotowa\u0142a nasza firma https:\/\/www.inafashion.com.pl \" class=\"wp-image-330\" srcset=\"https:\/\/www.inafashion.com.pl\/wp-content\/uploads\/2024\/02\/Byslawskie2-1024x768.jpg 1024w, https:\/\/www.inafashion.com.pl\/wp-content\/uploads\/2024\/02\/Byslawskie2-300x225.jpg 300w, https:\/\/www.inafashion.com.pl\/wp-content\/uploads\/2024\/02\/Byslawskie2-768x576.jpg 768w, https:\/\/www.inafashion.com.pl\/wp-content\/uploads\/2024\/02\/Byslawskie2-1536x1152.jpg 1536w, https:\/\/www.inafashion.com.pl\/wp-content\/uploads\/2024\/02\/Byslawskie2.jpg 2048w\" sizes=\"(max-width: 1024px) 100vw, 1024px\" \/><\/figure>\n\n\n\n<figure class=\"wp-block-image size-large\"><img loading=\"lazy\" width=\"1024\" height=\"768\" src=\"https:\/\/www.inafashion.com.pl\/wp-content\/uploads\/2024\/02\/Byslawskie3-1024x768.jpg\" alt=\"Ma\u017coretki Bys\u0142awskie. Stroje dla ma\u017coretek Bys\u0142awskich wykona\u0142a nasza firma https:\/\/www.inafashion.com.pl\" class=\"wp-image-332\" srcset=\"https:\/\/www.inafashion.com.pl\/wp-content\/uploads\/2024\/02\/Byslawskie3-1024x768.jpg 1024w, https:\/\/www.inafashion.com.pl\/wp-content\/uploads\/2024\/02\/Byslawskie3-300x225.jpg 300w, https:\/\/www.inafashion.com.pl\/wp-content\/uploads\/2024\/02\/Byslawskie3-768x576.jpg 768w, https:\/\/www.inafashion.com.pl\/wp-content\/uploads\/2024\/02\/Byslawskie3-1536x1152.jpg 1536w, https:\/\/www.inafashion.com.pl\/wp-content\/uploads\/2024\/02\/Byslawskie3.jpg 2048w\" sizes=\"(max-width: 1024px) 100vw, 1024px\" \/><\/figure>\n\n\n\n<p>Poni\u017cej Ma\u017coretki Bys\u0142awskie w najnowszych (zielonych) i starszych (r\u00f3\u017cowych) strojach wykonanych przez nasz\u0105 firm\u0119. <\/p>\n\n\n\n<div class=\"wp-block-cover has-background-dim\"><img loading=\"lazy\" width=\"1024\" height=\"716\" class=\"wp-block-cover__image-background wp-image-334\" alt=\"\" src=\"https:\/\/www.inafashion.com.pl\/wp-content\/uploads\/2024\/02\/Byslawskie-stroje-starsze-i-nowsze-1024x716.jpg\" data-object-fit=\"cover\" srcset=\"https:\/\/www.inafashion.com.pl\/wp-content\/uploads\/2024\/02\/Byslawskie-stroje-starsze-i-nowsze-1024x716.jpg 1024w, https:\/\/www.inafashion.com.pl\/wp-content\/uploads\/2024\/02\/Byslawskie-stroje-starsze-i-nowsze-300x210.jpg 300w, https:\/\/www.inafashion.com.pl\/wp-content\/uploads\/2024\/02\/Byslawskie-stroje-starsze-i-nowsze-768x537.jpg 768w, https:\/\/www.inafashion.com.pl\/wp-content\/uploads\/2024\/02\/Byslawskie-stroje-starsze-i-nowsze.jpg 1473w\" sizes=\"(max-width: 1024px) 100vw, 1024px\" \/><div class=\"wp-block-cover__inner-container\">\n<p class=\"has-large-font-size\"><\/p>\n<\/div><\/div>\n\n\n\n<p><\/p>\n\n\n\n<p><strong>Ma\u017coretki z Miejskiego O\u015brodka Kultury w Lututowie<\/strong><\/p>\n\n\n\n<figure class=\"wp-block-image size-large\"><img loading=\"lazy\" width=\"1024\" height=\"969\" src=\"https:\/\/www.inafashion.com.pl\/wp-content\/uploads\/2021\/06\/Lututow-1024x969.jpg\" alt=\"\" class=\"wp-image-270\" srcset=\"https:\/\/www.inafashion.com.pl\/wp-content\/uploads\/2021\/06\/Lututow-1024x969.jpg 1024w, https:\/\/www.inafashion.com.pl\/wp-content\/uploads\/2021\/06\/Lututow-300x284.jpg 300w, https:\/\/www.inafashion.com.pl\/wp-content\/uploads\/2021\/06\/Lututow-768x727.jpg 768w, https:\/\/www.inafashion.com.pl\/wp-content\/uploads\/2021\/06\/Lututow.jpg 1085w\" sizes=\"(max-width: 1024px) 100vw, 1024px\" \/><\/figure>\n\n\n\n<p><strong>Koniecpolskie Ma\u017coretki<\/strong><\/p>\n\n\n\n<p>Zesp\u00f3\u0142 istnieje od niedawna, ale dzielnie trenuje, co z pewno\u015bci\u0105 prze\u0142o\u017cy si\u0119 na szereg sukces\u00f3w, ju\u017c w najbli\u017cszej przysz\u0142o\u015bci.<\/p>\n\n\n\n<figure class=\"wp-block-image size-large\"><img loading=\"lazy\" width=\"1024\" height=\"679\" src=\"https:\/\/www.inafashion.com.pl\/wp-content\/uploads\/2021\/06\/DSC_3409-1024x679.jpg\" alt=\"\" class=\"wp-image-265\" srcset=\"https:\/\/www.inafashion.com.pl\/wp-content\/uploads\/2021\/06\/DSC_3409-1024x679.jpg 1024w, https:\/\/www.inafashion.com.pl\/wp-content\/uploads\/2021\/06\/DSC_3409-300x199.jpg 300w, https:\/\/www.inafashion.com.pl\/wp-content\/uploads\/2021\/06\/DSC_3409-768x509.jpg 768w, https:\/\/www.inafashion.com.pl\/wp-content\/uploads\/2021\/06\/DSC_3409-1536x1019.jpg 1536w, https:\/\/www.inafashion.com.pl\/wp-content\/uploads\/2021\/06\/DSC_3409.jpg 1663w\" sizes=\"(max-width: 1024px) 100vw, 1024px\" \/><\/figure>\n\n\n\n<figure class=\"wp-block-image size-large\"><img loading=\"lazy\" width=\"1024\" height=\"680\" src=\"https:\/\/www.inafashion.com.pl\/wp-content\/uploads\/2021\/06\/DSC_3497-1024x680.jpg\" alt=\"\" class=\"wp-image-266\" srcset=\"https:\/\/www.inafashion.com.pl\/wp-content\/uploads\/2021\/06\/DSC_3497-1024x680.jpg 1024w, https:\/\/www.inafashion.com.pl\/wp-content\/uploads\/2021\/06\/DSC_3497-300x199.jpg 300w, https:\/\/www.inafashion.com.pl\/wp-content\/uploads\/2021\/06\/DSC_3497-768x510.jpg 768w, https:\/\/www.inafashion.com.pl\/wp-content\/uploads\/2021\/06\/DSC_3497-1536x1020.jpg 1536w, https:\/\/www.inafashion.com.pl\/wp-content\/uploads\/2021\/06\/DSC_3497.jpg 1658w\" sizes=\"(max-width: 1024px) 100vw, 1024px\" \/><\/figure>\n\n\n\n<figure class=\"wp-block-image size-large\"><img loading=\"lazy\" width=\"1024\" height=\"677\" src=\"https:\/\/www.inafashion.com.pl\/wp-content\/uploads\/2021\/06\/DSC_3538-1024x677.jpg\" alt=\"\" class=\"wp-image-267\" srcset=\"https:\/\/www.inafashion.com.pl\/wp-content\/uploads\/2021\/06\/DSC_3538-1024x677.jpg 1024w, https:\/\/www.inafashion.com.pl\/wp-content\/uploads\/2021\/06\/DSC_3538-300x198.jpg 300w, https:\/\/www.inafashion.com.pl\/wp-content\/uploads\/2021\/06\/DSC_3538-768x508.jpg 768w, https:\/\/www.inafashion.com.pl\/wp-content\/uploads\/2021\/06\/DSC_3538-1536x1015.jpg 1536w, https:\/\/www.inafashion.com.pl\/wp-content\/uploads\/2021\/06\/DSC_3538.jpg 1658w\" sizes=\"(max-width: 1024px) 100vw, 1024px\" \/><\/figure>\n\n\n\n<p><strong>Wiktoria &#8211; solistka z Podd\u0119bic<\/strong><\/p>\n\n\n\n<figure class=\"wp-block-image size-large is-resized\"><img loading=\"lazy\" src=\"https:\/\/www.inafashion.com.pl\/wp-content\/uploads\/2021\/06\/DSC03540-1-673x1024.jpg\" alt=\"\" class=\"wp-image-248\" width=\"847\" height=\"1289\" srcset=\"https:\/\/www.inafashion.com.pl\/wp-content\/uploads\/2021\/06\/DSC03540-1-673x1024.jpg 673w, https:\/\/www.inafashion.com.pl\/wp-content\/uploads\/2021\/06\/DSC03540-1-197x300.jpg 197w, https:\/\/www.inafashion.com.pl\/wp-content\/uploads\/2021\/06\/DSC03540-1-768x1168.jpg 768w, https:\/\/www.inafashion.com.pl\/wp-content\/uploads\/2021\/06\/DSC03540-1-1010x1536.jpg 1010w, https:\/\/www.inafashion.com.pl\/wp-content\/uploads\/2021\/06\/DSC03540-1-1347x2048.jpg 1347w, https:\/\/www.inafashion.com.pl\/wp-content\/uploads\/2021\/06\/DSC03540-1-scaled.jpg 1683w\" sizes=\"(max-width: 847px) 100vw, 847px\" \/><\/figure>\n\n\n\n<p><\/p>\n\n\n\n<p><strong>Ma\u017coretki Miejsko &#8211; Gminnego O\u015brodka Kultury w Lw\u00f3wku Wielkopolskim<\/strong><\/p>\n\n\n\n<p>Zesp\u00f3\u0142 wyst\u0119puje razem z Lw\u00f3weck\u0105 Orkiestr\u0105 D\u0119t\u0105 i bierze udzia\u0142 w imprezach na terenie ca\u0142ego kraju. <\/p>\n\n\n\n<figure class=\"wp-block-image size-large\"><img loading=\"lazy\" width=\"1024\" height=\"679\" src=\"https:\/\/www.inafashion.com.pl\/wp-content\/uploads\/2021\/06\/IMG_0013-1024x679.jpg\" alt=\"\" class=\"wp-image-240\" srcset=\"https:\/\/www.inafashion.com.pl\/wp-content\/uploads\/2021\/06\/IMG_0013-1024x679.jpg 1024w, https:\/\/www.inafashion.com.pl\/wp-content\/uploads\/2021\/06\/IMG_0013-300x199.jpg 300w, https:\/\/www.inafashion.com.pl\/wp-content\/uploads\/2021\/06\/IMG_0013-768x510.jpg 768w, https:\/\/www.inafashion.com.pl\/wp-content\/uploads\/2021\/06\/IMG_0013.jpg 1031w\" sizes=\"(max-width: 1024px) 100vw, 1024px\" \/><\/figure>\n\n\n\n<figure class=\"wp-block-image size-large\"><img loading=\"lazy\" width=\"1024\" height=\"673\" src=\"https:\/\/www.inafashion.com.pl\/wp-content\/uploads\/2021\/06\/IMG_0035-1024x673.jpg\" alt=\"\" class=\"wp-image-241\" srcset=\"https:\/\/www.inafashion.com.pl\/wp-content\/uploads\/2021\/06\/IMG_0035-1024x673.jpg 1024w, https:\/\/www.inafashion.com.pl\/wp-content\/uploads\/2021\/06\/IMG_0035-300x197.jpg 300w, https:\/\/www.inafashion.com.pl\/wp-content\/uploads\/2021\/06\/IMG_0035-768x505.jpg 768w, https:\/\/www.inafashion.com.pl\/wp-content\/uploads\/2021\/06\/IMG_0035.jpg 1030w\" sizes=\"(max-width: 1024px) 100vw, 1024px\" \/><\/figure>\n\n\n\n<figure class=\"wp-block-image size-large\"><img loading=\"lazy\" width=\"1024\" height=\"673\" src=\"https:\/\/www.inafashion.com.pl\/wp-content\/uploads\/2021\/06\/IMG_0023-1024x673.jpg\" alt=\"\" class=\"wp-image-242\" srcset=\"https:\/\/www.inafashion.com.pl\/wp-content\/uploads\/2021\/06\/IMG_0023-1024x673.jpg 1024w, https:\/\/www.inafashion.com.pl\/wp-content\/uploads\/2021\/06\/IMG_0023-300x197.jpg 300w, https:\/\/www.inafashion.com.pl\/wp-content\/uploads\/2021\/06\/IMG_0023-768x505.jpg 768w, https:\/\/www.inafashion.com.pl\/wp-content\/uploads\/2021\/06\/IMG_0023.jpg 1028w\" sizes=\"(max-width: 1024px) 100vw, 1024px\" \/><\/figure>\n\n\n\n<p><\/p>\n\n\n\n<p><strong>Huragan Girls<\/strong><\/p>\n\n\n\n<p>Zesp\u00f3\u0142 cheerleaderek wspieraj\u0105cy dru\u017cyn\u0119 pi\u0142karsk\u0105 MGKS Huragan Pobiedziska z Wielkopolski. Wsparcie uroczych i seksownych dziewczyn z pewno\u015bci\u0105 dzia\u0142a motywuj\u0105co na pi\u0142karzy i kibic\u00f3w.<\/p>\n\n\n\n<figure class=\"wp-block-image size-large\"><img loading=\"lazy\" width=\"1024\" height=\"681\" src=\"http:\/\/www.inafashion.com.pl\/wp-content\/uploads\/2021\/06\/trzy-1024x681.jpg\" alt=\"\" class=\"wp-image-120\" srcset=\"https:\/\/www.inafashion.com.pl\/wp-content\/uploads\/2021\/06\/trzy-1024x681.jpg 1024w, https:\/\/www.inafashion.com.pl\/wp-content\/uploads\/2021\/06\/trzy-300x199.jpg 300w, https:\/\/www.inafashion.com.pl\/wp-content\/uploads\/2021\/06\/trzy-768x510.jpg 768w, https:\/\/www.inafashion.com.pl\/wp-content\/uploads\/2021\/06\/trzy-920x613.jpg 920w, https:\/\/www.inafashion.com.pl\/wp-content\/uploads\/2021\/06\/trzy.jpg 1342w\" sizes=\"(max-width: 1024px) 100vw, 1024px\" \/><\/figure>\n\n\n\n<figure class=\"wp-block-image size-large is-resized\"><img loading=\"lazy\" src=\"http:\/\/www.inafashion.com.pl\/wp-content\/uploads\/2021\/06\/IMG_1539_wm.jpg\" alt=\"\" class=\"wp-image-118\" width=\"847\" height=\"607\" srcset=\"https:\/\/www.inafashion.com.pl\/wp-content\/uploads\/2021\/06\/IMG_1539_wm.jpg 800w, https:\/\/www.inafashion.com.pl\/wp-content\/uploads\/2021\/06\/IMG_1539_wm-300x215.jpg 300w, https:\/\/www.inafashion.com.pl\/wp-content\/uploads\/2021\/06\/IMG_1539_wm-768x550.jpg 768w\" sizes=\"(max-width: 847px) 100vw, 847px\" \/><\/figure>\n\n\n\n<figure class=\"wp-block-image\"><img alt=\"\"\/><\/figure>\n\n\n\n<p><strong>Ma\u017coretki z Dzierzgowa, wyst\u0119puj\u0105ce wraz z M\u0142odzie\u017cow\u0105 Orkiestr\u0105 D\u0119t\u0105 Dzierzgowo<\/strong><\/p>\n\n\n\n<p>Stroje dla ma\u017coretek z Dzierzgowa zawieraj\u0105 elementy ludowe, charakterystyczne dla Ziemi Mazowieckiej. Zdj\u0119cia zosta\u0142y zrobione w trakcie wyst\u0119pu ca\u0142ego zespo\u0142u na dorocznym Festiwalu Orkiestr D\u0119tych w Pu\u0142awach.<\/p>\n\n\n\n<figure class=\"wp-block-image size-large\"><img loading=\"lazy\" width=\"1024\" height=\"765\" src=\"http:\/\/www.inafashion.com.pl\/wp-content\/uploads\/2021\/05\/dzierzgowo-1024x765.jpg\" alt=\"\" class=\"wp-image-89\" srcset=\"https:\/\/www.inafashion.com.pl\/wp-content\/uploads\/2021\/05\/dzierzgowo-1024x765.jpg 1024w, https:\/\/www.inafashion.com.pl\/wp-content\/uploads\/2021\/05\/dzierzgowo-300x224.jpg 300w, https:\/\/www.inafashion.com.pl\/wp-content\/uploads\/2021\/05\/dzierzgowo-768x573.jpg 768w, https:\/\/www.inafashion.com.pl\/wp-content\/uploads\/2021\/05\/dzierzgowo.jpg 1464w\" sizes=\"(max-width: 1024px) 100vw, 1024px\" \/><\/figure>\n\n\n\n<figure class=\"wp-block-image size-large\"><img loading=\"lazy\" width=\"1024\" height=\"766\" src=\"https:\/\/www.inafashion.com.pl\/wp-content\/uploads\/2021\/06\/DSCN9208_wm1-1024x766.jpg\" alt=\"\" class=\"wp-image-207\" srcset=\"https:\/\/www.inafashion.com.pl\/wp-content\/uploads\/2021\/06\/DSCN9208_wm1-1024x766.jpg 1024w, https:\/\/www.inafashion.com.pl\/wp-content\/uploads\/2021\/06\/DSCN9208_wm1-300x224.jpg 300w, https:\/\/www.inafashion.com.pl\/wp-content\/uploads\/2021\/06\/DSCN9208_wm1-768x575.jpg 768w, https:\/\/www.inafashion.com.pl\/wp-content\/uploads\/2021\/06\/DSCN9208_wm1.jpg 1096w\" sizes=\"(max-width: 1024px) 100vw, 1024px\" \/><\/figure>\n\n\n\n<figure class=\"wp-block-image size-large\"><img loading=\"lazy\" width=\"1024\" height=\"768\" src=\"https:\/\/www.inafashion.com.pl\/wp-content\/uploads\/2021\/06\/DSCN9302_wm-1024x768.jpg\" alt=\"\" class=\"wp-image-244\" srcset=\"https:\/\/www.inafashion.com.pl\/wp-content\/uploads\/2021\/06\/DSCN9302_wm-1024x768.jpg 1024w, https:\/\/www.inafashion.com.pl\/wp-content\/uploads\/2021\/06\/DSCN9302_wm-300x225.jpg 300w, https:\/\/www.inafashion.com.pl\/wp-content\/uploads\/2021\/06\/DSCN9302_wm-768x576.jpg 768w, https:\/\/www.inafashion.com.pl\/wp-content\/uploads\/2021\/06\/DSCN9302_wm.jpg 1466w\" sizes=\"(max-width: 1024px) 100vw, 1024px\" \/><\/figure>\n\n\n\n<figure class=\"wp-block-image size-large\"><img loading=\"lazy\" width=\"1024\" height=\"763\" src=\"https:\/\/www.inafashion.com.pl\/wp-content\/uploads\/2021\/06\/DSCN9209-1024x763.jpg\" alt=\"\" class=\"wp-image-257\" srcset=\"https:\/\/www.inafashion.com.pl\/wp-content\/uploads\/2021\/06\/DSCN9209-1024x763.jpg 1024w, https:\/\/www.inafashion.com.pl\/wp-content\/uploads\/2021\/06\/DSCN9209-300x224.jpg 300w, https:\/\/www.inafashion.com.pl\/wp-content\/uploads\/2021\/06\/DSCN9209-768x572.jpg 768w, https:\/\/www.inafashion.com.pl\/wp-content\/uploads\/2021\/06\/DSCN9209.jpg 1465w\" sizes=\"(max-width: 1024px) 100vw, 1024px\" \/><\/figure>\n\n\n\n<p><strong>Ma\u017coretki z Dopiewa, wyst\u0119puj\u0105ce wraz z Orkiestr\u0105 D\u0119t\u0105 Gminy Dopiewo<\/strong><\/p>\n\n\n\n<p>W listopadzie ubieg\u0142ego roku zesp\u00f3\u0142 obchodzi\u0142 pi\u0119ciolecie swojej dzia\u0142alno\u015bci.<\/p>\n\n\n\n<figure class=\"wp-block-image size-large\"><img loading=\"lazy\" width=\"980\" height=\"400\" src=\"https:\/\/www.inafashion.com.pl\/wp-content\/uploads\/2021\/06\/dopiewo2_wm1-980x400-1.jpg\" alt=\"\" class=\"wp-image-188\" srcset=\"https:\/\/www.inafashion.com.pl\/wp-content\/uploads\/2021\/06\/dopiewo2_wm1-980x400-1.jpg 980w, https:\/\/www.inafashion.com.pl\/wp-content\/uploads\/2021\/06\/dopiewo2_wm1-980x400-1-300x122.jpg 300w, https:\/\/www.inafashion.com.pl\/wp-content\/uploads\/2021\/06\/dopiewo2_wm1-980x400-1-768x313.jpg 768w\" sizes=\"(max-width: 980px) 100vw, 980px\" \/><\/figure>\n\n\n\n<figure class=\"wp-block-image size-large\"><img loading=\"lazy\" width=\"980\" height=\"400\" src=\"https:\/\/www.inafashion.com.pl\/wp-content\/uploads\/2021\/06\/Stowarzyszenie-kulturalno-artystyczne-gminy-dopiewo_wm1-980x400-1.jpg\" alt=\"\" class=\"wp-image-196\" srcset=\"https:\/\/www.inafashion.com.pl\/wp-content\/uploads\/2021\/06\/Stowarzyszenie-kulturalno-artystyczne-gminy-dopiewo_wm1-980x400-1.jpg 980w, https:\/\/www.inafashion.com.pl\/wp-content\/uploads\/2021\/06\/Stowarzyszenie-kulturalno-artystyczne-gminy-dopiewo_wm1-980x400-1-300x122.jpg 300w, https:\/\/www.inafashion.com.pl\/wp-content\/uploads\/2021\/06\/Stowarzyszenie-kulturalno-artystyczne-gminy-dopiewo_wm1-980x400-1-768x313.jpg 768w\" sizes=\"(max-width: 980px) 100vw, 980px\" \/><\/figure>\n\n\n\n<figure class=\"wp-block-image size-large\"><img loading=\"lazy\" width=\"980\" height=\"654\" src=\"https:\/\/www.inafashion.com.pl\/wp-content\/uploads\/2021\/06\/czaplicka1_wm.jpg\" alt=\"\" class=\"wp-image-203\" srcset=\"https:\/\/www.inafashion.com.pl\/wp-content\/uploads\/2021\/06\/czaplicka1_wm.jpg 980w, https:\/\/www.inafashion.com.pl\/wp-content\/uploads\/2021\/06\/czaplicka1_wm-300x200.jpg 300w, https:\/\/www.inafashion.com.pl\/wp-content\/uploads\/2021\/06\/czaplicka1_wm-768x513.jpg 768w, https:\/\/www.inafashion.com.pl\/wp-content\/uploads\/2021\/06\/czaplicka1_wm-920x613.jpg 920w\" sizes=\"(max-width: 980px) 100vw, 980px\" \/><\/figure>\n\n\n\n<p>W ciep\u0142ych p\u0142aszczykach z polaru.<\/p>\n\n\n\n<figure class=\"wp-block-image size-large\"><img loading=\"lazy\" width=\"989\" height=\"734\" src=\"https:\/\/www.inafashion.com.pl\/wp-content\/uploads\/2021\/06\/P1012416.jpg\" alt=\"\" class=\"wp-image-227\" srcset=\"https:\/\/www.inafashion.com.pl\/wp-content\/uploads\/2021\/06\/P1012416.jpg 989w, https:\/\/www.inafashion.com.pl\/wp-content\/uploads\/2021\/06\/P1012416-300x223.jpg 300w, https:\/\/www.inafashion.com.pl\/wp-content\/uploads\/2021\/06\/P1012416-768x570.jpg 768w\" sizes=\"(max-width: 989px) 100vw, 989px\" \/><figcaption><br><\/figcaption><\/figure>\n\n\n\n<figure class=\"wp-block-image size-large\"><img loading=\"lazy\" width=\"952\" height=\"708\" src=\"https:\/\/www.inafashion.com.pl\/wp-content\/uploads\/2021\/06\/P1012438.jpg\" alt=\"\" class=\"wp-image-228\" srcset=\"https:\/\/www.inafashion.com.pl\/wp-content\/uploads\/2021\/06\/P1012438.jpg 952w, https:\/\/www.inafashion.com.pl\/wp-content\/uploads\/2021\/06\/P1012438-300x223.jpg 300w, https:\/\/www.inafashion.com.pl\/wp-content\/uploads\/2021\/06\/P1012438-768x571.jpg 768w\" sizes=\"(max-width: 952px) 100vw, 952px\" \/><\/figure>\n\n\n\n<p><strong>Zesp\u00f3\u0142 Ma\u017coretek przy Orkiestrze D\u0119tej Gminy Tarnowo Podg\u00f3rne<\/strong><\/p>\n\n\n\n<p>Zesp\u00f3\u0142 ma\u017coretek, dzia\u0142aj\u0105cych przy Gminnym O\u015brodku Kultury \u201eSezam\u201d w Tarnowie Podg\u00f3rnym istnieje od 2006 roku. Ma\u017coretki wyst\u0119puj\u0105 na wielu imprezach oraz bior\u0105 udzia\u0142 w konkursach.<\/p>\n\n\n\n<figure class=\"wp-block-image size-large\"><img loading=\"lazy\" width=\"980\" height=\"390\" src=\"https:\/\/www.inafashion.com.pl\/wp-content\/uploads\/2021\/06\/20160209217_wm1-980x390-1.jpg\" alt=\"\" class=\"wp-image-185\" srcset=\"https:\/\/www.inafashion.com.pl\/wp-content\/uploads\/2021\/06\/20160209217_wm1-980x390-1.jpg 980w, https:\/\/www.inafashion.com.pl\/wp-content\/uploads\/2021\/06\/20160209217_wm1-980x390-1-300x119.jpg 300w, https:\/\/www.inafashion.com.pl\/wp-content\/uploads\/2021\/06\/20160209217_wm1-980x390-1-768x306.jpg 768w\" sizes=\"(max-width: 980px) 100vw, 980px\" \/><\/figure>\n\n\n\n<figure class=\"wp-block-image size-large\"><img loading=\"lazy\" width=\"1024\" height=\"770\" src=\"https:\/\/www.inafashion.com.pl\/wp-content\/uploads\/2021\/06\/20160209213-1024x770.jpg\" alt=\"\" class=\"wp-image-259\" srcset=\"https:\/\/www.inafashion.com.pl\/wp-content\/uploads\/2021\/06\/20160209213-1024x770.jpg 1024w, https:\/\/www.inafashion.com.pl\/wp-content\/uploads\/2021\/06\/20160209213-300x226.jpg 300w, https:\/\/www.inafashion.com.pl\/wp-content\/uploads\/2021\/06\/20160209213-768x578.jpg 768w, https:\/\/www.inafashion.com.pl\/wp-content\/uploads\/2021\/06\/20160209213-1536x1156.jpg 1536w, https:\/\/www.inafashion.com.pl\/wp-content\/uploads\/2021\/06\/20160209213.jpg 1619w\" sizes=\"(max-width: 1024px) 100vw, 1024px\" \/><\/figure>\n\n\n\n<figure class=\"wp-block-image size-large\"><img loading=\"lazy\" width=\"1024\" height=\"770\" src=\"https:\/\/www.inafashion.com.pl\/wp-content\/uploads\/2021\/06\/20160209214-1024x770.jpg\" alt=\"\" class=\"wp-image-260\" srcset=\"https:\/\/www.inafashion.com.pl\/wp-content\/uploads\/2021\/06\/20160209214-1024x770.jpg 1024w, https:\/\/www.inafashion.com.pl\/wp-content\/uploads\/2021\/06\/20160209214-300x226.jpg 300w, https:\/\/www.inafashion.com.pl\/wp-content\/uploads\/2021\/06\/20160209214-768x577.jpg 768w, https:\/\/www.inafashion.com.pl\/wp-content\/uploads\/2021\/06\/20160209214-1536x1155.jpg 1536w, https:\/\/www.inafashion.com.pl\/wp-content\/uploads\/2021\/06\/20160209214.jpg 1623w\" sizes=\"(max-width: 1024px) 100vw, 1024px\" \/><\/figure>\n\n\n\n<p><strong>\u015aliwickie Ma\u017coretki<\/strong><\/p>\n\n\n\n<p>Bia\u0142o czerwone stroje przygotowali\u015bmy dla zespo\u0142u ma\u017coretek Gminnego O\u015brodka Kultury w \u015aliwicach (wojew\u00f3dztwo kujawsko \u2013 pomorskie). Dziewcz\u0119ta dzia\u0142aj\u0105 od 2017 roku, cz\u0119sto wyst\u0119puj\u0105 w towarzystwie Orkiestry D\u0119tej OSP \u015aliwice. Pa\u0144stwo mo\u017cecie podziwia\u0107 ich urod\u0119 i prezencj\u0119 w trakcie ulicznej parady oraz wyst\u0119pu.<\/p>\n\n\n\n<figure class=\"wp-block-image size-large\"><img loading=\"lazy\" width=\"960\" height=\"640\" src=\"https:\/\/www.inafashion.com.pl\/wp-content\/uploads\/2021\/06\/festiwal-2_wm.jpg\" alt=\"\" class=\"wp-image-209\" srcset=\"https:\/\/www.inafashion.com.pl\/wp-content\/uploads\/2021\/06\/festiwal-2_wm.jpg 960w, https:\/\/www.inafashion.com.pl\/wp-content\/uploads\/2021\/06\/festiwal-2_wm-300x200.jpg 300w, https:\/\/www.inafashion.com.pl\/wp-content\/uploads\/2021\/06\/festiwal-2_wm-768x512.jpg 768w, https:\/\/www.inafashion.com.pl\/wp-content\/uploads\/2021\/06\/festiwal-2_wm-920x613.jpg 920w\" sizes=\"(max-width: 960px) 100vw, 960px\" \/><\/figure>\n\n\n\n<figure class=\"wp-block-image size-large\"><img loading=\"lazy\" width=\"1024\" height=\"575\" src=\"https:\/\/www.inafashion.com.pl\/wp-content\/uploads\/2021\/06\/20170624_163645-1024x575.jpg\" alt=\"\" class=\"wp-image-233\" srcset=\"https:\/\/www.inafashion.com.pl\/wp-content\/uploads\/2021\/06\/20170624_163645-1024x575.jpg 1024w, https:\/\/www.inafashion.com.pl\/wp-content\/uploads\/2021\/06\/20170624_163645-300x168.jpg 300w, https:\/\/www.inafashion.com.pl\/wp-content\/uploads\/2021\/06\/20170624_163645-768x431.jpg 768w, https:\/\/www.inafashion.com.pl\/wp-content\/uploads\/2021\/06\/20170624_163645.jpg 1042w\" sizes=\"(max-width: 1024px) 100vw, 1024px\" \/><\/figure>\n\n\n\n<p><strong>Cheerleaderki Szko\u0142y im. Wojciecha z Brudzewa w Brudzewie<\/strong><\/p>\n\n\n\n<p>Urocze dziewcz\u0119ta znane r\u00f3wnie\u017c jako El-dance. Swoimi wyst\u0119pami u\u015bwietnia\u0142y wiele imprez szkolnych oraz sportowych. Bia\u0142o \u2013 niebieskie stroje zdecydowanie podkre\u015blaj\u0105 ich urod\u0119.<\/p>\n\n\n\n<figure class=\"wp-block-image size-large is-resized\"><img loading=\"lazy\" src=\"https:\/\/www.inafashion.com.pl\/wp-content\/uploads\/2021\/06\/cheers-brudzew-1.jpg\" alt=\"\" class=\"wp-image-220\" width=\"848\" height=\"566\" srcset=\"https:\/\/www.inafashion.com.pl\/wp-content\/uploads\/2021\/06\/cheers-brudzew-1.jpg 599w, https:\/\/www.inafashion.com.pl\/wp-content\/uploads\/2021\/06\/cheers-brudzew-1-300x200.jpg 300w\" sizes=\"(max-width: 848px) 100vw, 848px\" \/><\/figure>\n\n\n\n<figure class=\"wp-block-image size-large is-resized\"><img loading=\"lazy\" src=\"https:\/\/www.inafashion.com.pl\/wp-content\/uploads\/2021\/06\/cheers-brudzew2-599x390-1.jpg\" alt=\"\" class=\"wp-image-221\" width=\"850\" height=\"553\" srcset=\"https:\/\/www.inafashion.com.pl\/wp-content\/uploads\/2021\/06\/cheers-brudzew2-599x390-1.jpg 599w, https:\/\/www.inafashion.com.pl\/wp-content\/uploads\/2021\/06\/cheers-brudzew2-599x390-1-300x195.jpg 300w\" sizes=\"(max-width: 850px) 100vw, 850px\" \/><\/figure>\n\n\n\n<p><strong>Ma\u017coretki POWER z GOKIW w Wielopolu Skrzy\u0144skim<\/strong><\/p>\n\n\n\n<p>Przeurocze ma\u017coretki z Gminnego O\u015brodka Kultury i Wypoczynku w Wielopolu Skrzy\u0144skim mog\u0105 pochwali\u0107 si\u0119 szeregiem sukces\u00f3w, zar\u00f3wno grupowych, jak i osi\u0105gni\u0119tych przez solistki. W podkarpackim GOKIW dzia\u0142aj\u0105 grupy dla starszych i m\u0142odych dziewcz\u0105t. Zaczynamy od grupy m\u0142odszej.<\/p>\n\n\n\n<p>Grupa m\u0142odsza:<\/p>\n\n\n\n<figure class=\"wp-block-image size-large is-resized\"><img loading=\"lazy\" src=\"https:\/\/www.inafashion.com.pl\/wp-content\/uploads\/2021\/06\/Wielopole-nowe-720.jpg\" alt=\"\" class=\"wp-image-214\" width=\"846\" height=\"1128\" srcset=\"https:\/\/www.inafashion.com.pl\/wp-content\/uploads\/2021\/06\/Wielopole-nowe-720.jpg 720w, https:\/\/www.inafashion.com.pl\/wp-content\/uploads\/2021\/06\/Wielopole-nowe-720-225x300.jpg 225w\" sizes=\"(max-width: 846px) 100vw, 846px\" \/><\/figure>\n\n\n\n<figure class=\"wp-block-image size-large\"><img loading=\"lazy\" width=\"1024\" height=\"683\" src=\"https:\/\/www.inafashion.com.pl\/wp-content\/uploads\/2021\/06\/DSC_1127-1024x683.jpg\" alt=\"\" class=\"wp-image-223\" srcset=\"https:\/\/www.inafashion.com.pl\/wp-content\/uploads\/2021\/06\/DSC_1127-1024x683.jpg 1024w, https:\/\/www.inafashion.com.pl\/wp-content\/uploads\/2021\/06\/DSC_1127-300x200.jpg 300w, https:\/\/www.inafashion.com.pl\/wp-content\/uploads\/2021\/06\/DSC_1127-768x512.jpg 768w, https:\/\/www.inafashion.com.pl\/wp-content\/uploads\/2021\/06\/DSC_1127-920x613.jpg 920w, https:\/\/www.inafashion.com.pl\/wp-content\/uploads\/2021\/06\/DSC_1127.jpg 1376w\" sizes=\"(max-width: 1024px) 100vw, 1024px\" \/><\/figure>\n\n\n\n<figure class=\"wp-block-image size-large\"><img loading=\"lazy\" width=\"1024\" height=\"682\" src=\"https:\/\/www.inafashion.com.pl\/wp-content\/uploads\/2021\/06\/DSC_1137-1024x682.jpg\" alt=\"\" class=\"wp-image-224\" srcset=\"https:\/\/www.inafashion.com.pl\/wp-content\/uploads\/2021\/06\/DSC_1137-1024x682.jpg 1024w, https:\/\/www.inafashion.com.pl\/wp-content\/uploads\/2021\/06\/DSC_1137-300x200.jpg 300w, https:\/\/www.inafashion.com.pl\/wp-content\/uploads\/2021\/06\/DSC_1137-768x511.jpg 768w, https:\/\/www.inafashion.com.pl\/wp-content\/uploads\/2021\/06\/DSC_1137-920x613.jpg 920w, https:\/\/www.inafashion.com.pl\/wp-content\/uploads\/2021\/06\/DSC_1137.jpg 1376w\" sizes=\"(max-width: 1024px) 100vw, 1024px\" \/><\/figure>\n\n\n\n<p><\/p>\n\n\n\n<figure class=\"wp-block-image size-large\"><img loading=\"lazy\" width=\"1024\" height=\"768\" src=\"https:\/\/www.inafashion.com.pl\/wp-content\/uploads\/2021\/06\/DSC_0824_wm-1024x768.jpg\" alt=\"\" class=\"wp-image-254\" srcset=\"https:\/\/www.inafashion.com.pl\/wp-content\/uploads\/2021\/06\/DSC_0824_wm-1024x768.jpg 1024w, https:\/\/www.inafashion.com.pl\/wp-content\/uploads\/2021\/06\/DSC_0824_wm-300x225.jpg 300w, https:\/\/www.inafashion.com.pl\/wp-content\/uploads\/2021\/06\/DSC_0824_wm-768x576.jpg 768w, https:\/\/www.inafashion.com.pl\/wp-content\/uploads\/2021\/06\/DSC_0824_wm.jpg 1228w\" sizes=\"(max-width: 1024px) 100vw, 1024px\" \/><\/figure>\n\n\n\n<p>Grupa starsza:<\/p>\n\n\n\n<figure class=\"wp-block-image size-large\"><img loading=\"lazy\" width=\"936\" height=\"612\" src=\"https:\/\/www.inafashion.com.pl\/wp-content\/uploads\/2021\/06\/BRZEZINY5.jpg\" alt=\"\" class=\"wp-image-216\" srcset=\"https:\/\/www.inafashion.com.pl\/wp-content\/uploads\/2021\/06\/BRZEZINY5.jpg 936w, https:\/\/www.inafashion.com.pl\/wp-content\/uploads\/2021\/06\/BRZEZINY5-300x196.jpg 300w, https:\/\/www.inafashion.com.pl\/wp-content\/uploads\/2021\/06\/BRZEZINY5-768x502.jpg 768w\" sizes=\"(max-width: 936px) 100vw, 936px\" \/><\/figure>\n\n\n\n<figure class=\"wp-block-image size-large is-resized\"><img loading=\"lazy\" src=\"https:\/\/www.inafashion.com.pl\/wp-content\/uploads\/2021\/06\/brzeziny1.jpg\" alt=\"\" class=\"wp-image-217\" width=\"848\" height=\"565\" srcset=\"https:\/\/www.inafashion.com.pl\/wp-content\/uploads\/2021\/06\/brzeziny1.jpg 525w, https:\/\/www.inafashion.com.pl\/wp-content\/uploads\/2021\/06\/brzeziny1-300x200.jpg 300w\" sizes=\"(max-width: 848px) 100vw, 848px\" \/><\/figure>\n\n\n\n<figure class=\"wp-block-image size-large is-resized\"><img loading=\"lazy\" src=\"https:\/\/www.inafashion.com.pl\/wp-content\/uploads\/2021\/06\/BRZEZINY-CZAPECZKI.jpg\" alt=\"\" class=\"wp-image-218\" width=\"848\" height=\"1482\" srcset=\"https:\/\/www.inafashion.com.pl\/wp-content\/uploads\/2021\/06\/BRZEZINY-CZAPECZKI.jpg 472w, https:\/\/www.inafashion.com.pl\/wp-content\/uploads\/2021\/06\/BRZEZINY-CZAPECZKI-172x300.jpg 172w\" sizes=\"(max-width: 848px) 100vw, 848px\" \/><\/figure>\n\n\n\n<figure class=\"wp-block-image size-large\"><img loading=\"lazy\" width=\"1024\" height=\"767\" src=\"https:\/\/www.inafashion.com.pl\/wp-content\/uploads\/2021\/06\/DSC_0828_wm-1024x767.jpg\" alt=\"\" class=\"wp-image-255\" srcset=\"https:\/\/www.inafashion.com.pl\/wp-content\/uploads\/2021\/06\/DSC_0828_wm-1024x767.jpg 1024w, https:\/\/www.inafashion.com.pl\/wp-content\/uploads\/2021\/06\/DSC_0828_wm-300x225.jpg 300w, https:\/\/www.inafashion.com.pl\/wp-content\/uploads\/2021\/06\/DSC_0828_wm-768x576.jpg 768w, https:\/\/www.inafashion.com.pl\/wp-content\/uploads\/2021\/06\/DSC_0828_wm.jpg 1233w\" sizes=\"(max-width: 1024px) 100vw, 1024px\" \/><\/figure>\n\n\n\n<p>Paulina &#8211; br\u0105zowa medalistka w kategorii solo &#8211; baton.<\/p>\n\n\n\n<figure class=\"wp-block-image size-large is-resized\"><img loading=\"lazy\" src=\"https:\/\/www.inafashion.com.pl\/wp-content\/uploads\/2021\/06\/Paulina2.jpg\" alt=\"\" class=\"wp-image-133\" width=\"848\" height=\"1131\" srcset=\"https:\/\/www.inafashion.com.pl\/wp-content\/uploads\/2021\/06\/Paulina2.jpg 480w, https:\/\/www.inafashion.com.pl\/wp-content\/uploads\/2021\/06\/Paulina2-225x300.jpg 225w\" sizes=\"(max-width: 848px) 100vw, 848px\" \/><\/figure>\n\n\n\n<p>W trakcie przemarszu w ciep\u0142ych, polarowych p\u0142aszczykach dla ma\u017coretek<\/p>\n\n\n\n<p><\/p>\n\n\n\n<p>W trakcie \u0107wicze\u0144. <\/p>\n\n\n\n<figure class=\"wp-block-image size-large\"><img loading=\"lazy\" width=\"1024\" height=\"684\" src=\"https:\/\/www.inafashion.com.pl\/wp-content\/uploads\/2021\/06\/DSC_0291-1024x684.jpg\" alt=\"\" class=\"wp-image-246\" srcset=\"https:\/\/www.inafashion.com.pl\/wp-content\/uploads\/2021\/06\/DSC_0291-1024x684.jpg 1024w, https:\/\/www.inafashion.com.pl\/wp-content\/uploads\/2021\/06\/DSC_0291-300x200.jpg 300w, https:\/\/www.inafashion.com.pl\/wp-content\/uploads\/2021\/06\/DSC_0291-768x513.jpg 768w, https:\/\/www.inafashion.com.pl\/wp-content\/uploads\/2021\/06\/DSC_0291.jpg 1372w\" sizes=\"(max-width: 1024px) 100vw, 1024px\" \/><\/figure>\n\n\n\n<figure class=\"wp-block-image size-large\"><img loading=\"lazy\" width=\"1024\" height=\"680\" src=\"https:\/\/www.inafashion.com.pl\/wp-content\/uploads\/2021\/06\/DSC_0312_wm-1024x680.jpg\" alt=\"\" class=\"wp-image-247\" srcset=\"https:\/\/www.inafashion.com.pl\/wp-content\/uploads\/2021\/06\/DSC_0312_wm-1024x680.jpg 1024w, https:\/\/www.inafashion.com.pl\/wp-content\/uploads\/2021\/06\/DSC_0312_wm-300x199.jpg 300w, https:\/\/www.inafashion.com.pl\/wp-content\/uploads\/2021\/06\/DSC_0312_wm-768x510.jpg 768w, https:\/\/www.inafashion.com.pl\/wp-content\/uploads\/2021\/06\/DSC_0312_wm.jpg 1378w\" sizes=\"(max-width: 1024px) 100vw, 1024px\" \/><\/figure>\n\n\n\n<p><strong>Ma\u017coretki \u201eKaro\u201d z Byczyny<\/strong><\/p>\n\n\n\n<p>Zesp\u00f3\u0142 sk\u0142adaj\u0105cy si\u0119 z przeuroczych dziewcz\u0105t istnieje od 2013 roku.<\/p>\n\n\n\n<figure class=\"wp-block-image size-large is-resized\"><img loading=\"lazy\" src=\"https:\/\/www.inafashion.com.pl\/wp-content\/uploads\/2021\/06\/byczyna.jpg\" alt=\"\" class=\"wp-image-176\" width=\"849\" height=\"636\" srcset=\"https:\/\/www.inafashion.com.pl\/wp-content\/uploads\/2021\/06\/byczyna.jpg 526w, https:\/\/www.inafashion.com.pl\/wp-content\/uploads\/2021\/06\/byczyna-300x225.jpg 300w\" sizes=\"(max-width: 849px) 100vw, 849px\" \/><\/figure>\n\n\n\n<figure class=\"wp-block-image size-large is-resized\"><img loading=\"lazy\" src=\"https:\/\/www.inafashion.com.pl\/wp-content\/uploads\/2021\/06\/byczyna2.jpg\" alt=\"\" class=\"wp-image-177\" width=\"848\" height=\"635\" srcset=\"https:\/\/www.inafashion.com.pl\/wp-content\/uploads\/2021\/06\/byczyna2.jpg 526w, https:\/\/www.inafashion.com.pl\/wp-content\/uploads\/2021\/06\/byczyna2-300x225.jpg 300w\" sizes=\"(max-width: 848px) 100vw, 848px\" \/><\/figure>\n\n\n\n<figure class=\"wp-block-image size-large\"><img loading=\"lazy\" width=\"1024\" height=\"749\" src=\"https:\/\/www.inafashion.com.pl\/wp-content\/uploads\/2021\/06\/DSC05022-1024x749.jpg\" alt=\"\" class=\"wp-image-225\" srcset=\"https:\/\/www.inafashion.com.pl\/wp-content\/uploads\/2021\/06\/DSC05022-1024x749.jpg 1024w, https:\/\/www.inafashion.com.pl\/wp-content\/uploads\/2021\/06\/DSC05022-300x219.jpg 300w, https:\/\/www.inafashion.com.pl\/wp-content\/uploads\/2021\/06\/DSC05022-768x561.jpg 768w, https:\/\/www.inafashion.com.pl\/wp-content\/uploads\/2021\/06\/DSC05022.jpg 1026w\" sizes=\"(max-width: 1024px) 100vw, 1024px\" \/><\/figure>\n\n\n\n<p><strong>Dzia\u0142oszyckie ma\u017coretki<\/strong><\/p>\n\n\n\n<p>\u015awi\u0119tokrzyskie ma\u017coretki u\u015bwietniaj\u0105 swoj\u0105 obecno\u015bci\u0105 wiele r\u00f3\u017cnego rodzaju imprez, czego dowodem s\u0105 poni\u017csze zdj\u0119cia. Ma\u017coretki dzia\u0142aj\u0105 przy miejscowym Zespole Szk\u00f3\u0142.<\/p>\n\n\n\n<figure class=\"wp-block-image size-large is-resized\"><img loading=\"lazy\" src=\"https:\/\/www.inafashion.com.pl\/wp-content\/uploads\/2021\/06\/P1180642.jpg\" alt=\"\" class=\"wp-image-230\" width=\"850\" height=\"1134\" srcset=\"https:\/\/www.inafashion.com.pl\/wp-content\/uploads\/2021\/06\/P1180642.jpg 755w, https:\/\/www.inafashion.com.pl\/wp-content\/uploads\/2021\/06\/P1180642-225x300.jpg 225w\" sizes=\"(max-width: 850px) 100vw, 850px\" \/><\/figure>\n\n\n\n<figure class=\"wp-block-image size-large is-resized\"><img loading=\"lazy\" src=\"https:\/\/www.inafashion.com.pl\/wp-content\/uploads\/2021\/06\/P1180641-767x1024.jpg\" alt=\"\" class=\"wp-image-231\" width=\"848\" height=\"1132\" srcset=\"https:\/\/www.inafashion.com.pl\/wp-content\/uploads\/2021\/06\/P1180641-767x1024.jpg 767w, https:\/\/www.inafashion.com.pl\/wp-content\/uploads\/2021\/06\/P1180641-225x300.jpg 225w, https:\/\/www.inafashion.com.pl\/wp-content\/uploads\/2021\/06\/P1180641-768x1025.jpg 768w, https:\/\/www.inafashion.com.pl\/wp-content\/uploads\/2021\/06\/P1180641.jpg 1144w\" sizes=\"(max-width: 848px) 100vw, 848px\" \/><\/figure>\n\n\n\n<figure class=\"wp-block-image size-large\"><img loading=\"lazy\" width=\"1024\" height=\"769\" src=\"https:\/\/www.inafashion.com.pl\/wp-content\/uploads\/2021\/06\/MGOK-Dzialoszyce_wm-1024x769.jpg\" alt=\"\" class=\"wp-image-193\" srcset=\"https:\/\/www.inafashion.com.pl\/wp-content\/uploads\/2021\/06\/MGOK-Dzialoszyce_wm-1024x769.jpg 1024w, https:\/\/www.inafashion.com.pl\/wp-content\/uploads\/2021\/06\/MGOK-Dzialoszyce_wm-300x225.jpg 300w, https:\/\/www.inafashion.com.pl\/wp-content\/uploads\/2021\/06\/MGOK-Dzialoszyce_wm-768x577.jpg 768w, https:\/\/www.inafashion.com.pl\/wp-content\/uploads\/2021\/06\/MGOK-Dzialoszyce_wm.jpg 1225w\" sizes=\"(max-width: 1024px) 100vw, 1024px\" \/><\/figure>\n\n\n\n<figure class=\"wp-block-image\"><img alt=\"\"\/><\/figure>\n\n\n\n<p><strong>Podkarpackie ma\u017coretki z GOK Niebylec<\/strong><\/p>\n\n\n\n<p>Zesp\u00f3\u0142 taneczno marszowy istnieje od 2008 roku. Ma\u017coretki bra\u0142y udzia\u0142 w szeregu imprez, osi\u0105gaj\u0105c szereg sukces\u00f3w, co nas akurat nie dziwi. Mieli\u015bmy przyjemno\u015b\u0107 towarzyszy\u0107 zespo\u0142owi w Licheniu.<\/p>\n\n\n\n<figure class=\"wp-block-image size-large is-resized\"><img loading=\"lazy\" src=\"https:\/\/www.inafashion.com.pl\/wp-content\/uploads\/2021\/06\/DSC_1004_wm-670x390-1.jpg\" alt=\"\" class=\"wp-image-183\" width=\"850\" height=\"495\" srcset=\"https:\/\/www.inafashion.com.pl\/wp-content\/uploads\/2021\/06\/DSC_1004_wm-670x390-1.jpg 670w, https:\/\/www.inafashion.com.pl\/wp-content\/uploads\/2021\/06\/DSC_1004_wm-670x390-1-300x175.jpg 300w\" sizes=\"(max-width: 850px) 100vw, 850px\" \/><\/figure>\n\n\n\n<figure class=\"wp-block-image size-large\"><img loading=\"lazy\" width=\"1024\" height=\"767\" src=\"https:\/\/www.inafashion.com.pl\/wp-content\/uploads\/2021\/06\/DSC_0999-1024x767.jpg\" alt=\"\" class=\"wp-image-252\" srcset=\"https:\/\/www.inafashion.com.pl\/wp-content\/uploads\/2021\/06\/DSC_0999-1024x767.jpg 1024w, https:\/\/www.inafashion.com.pl\/wp-content\/uploads\/2021\/06\/DSC_0999-300x225.jpg 300w, https:\/\/www.inafashion.com.pl\/wp-content\/uploads\/2021\/06\/DSC_0999-768x575.jpg 768w, https:\/\/www.inafashion.com.pl\/wp-content\/uploads\/2021\/06\/DSC_0999.jpg 1231w\" sizes=\"(max-width: 1024px) 100vw, 1024px\" \/><\/figure>\n\n\n\n<p><strong>Ma\u017coretki Boles\u0142awieckiego O\u015brodka Kultury \u2013 Mi\u0119dzynarodowego Centrum Ceramiki w Boleslawcu<\/strong><\/p>\n\n\n\n<p>Zesp\u00f3\u0142 ma\u017coretek istnieje od niedawna i wyst\u0119puje razem z Miejsk\u0105 Orkiestr\u0105 D\u0119t\u0105 \u201eBoles\u0142awiec\u201d. Zdj\u0119cia pochodz\u0105 ze strony Boles\u0142awieckiego O\u015brodka Kultury \u2013 Mi\u0119dzynarodowego Centrum Ceramiki w Boles\u0142awcu.<\/p>\n\n\n\n<p><strong>Ma\u017coretki ze Szczanieckiego O\u015brodka Kultury<\/strong><\/p>\n\n\n\n<figure class=\"wp-block-image size-large is-resized\"><img loading=\"lazy\" src=\"https:\/\/www.inafashion.com.pl\/wp-content\/uploads\/2021\/06\/szczaniecki-osrodek-kultury-11.jpg\" alt=\"\" class=\"wp-image-161\" width=\"844\" height=\"636\" srcset=\"https:\/\/www.inafashion.com.pl\/wp-content\/uploads\/2021\/06\/szczaniecki-osrodek-kultury-11.jpg 666w, https:\/\/www.inafashion.com.pl\/wp-content\/uploads\/2021\/06\/szczaniecki-osrodek-kultury-11-300x226.jpg 300w\" sizes=\"(max-width: 844px) 100vw, 844px\" \/><\/figure>\n\n\n\n<figure class=\"wp-block-image size-large is-resized\"><img loading=\"lazy\" src=\"https:\/\/www.inafashion.com.pl\/wp-content\/uploads\/2021\/06\/szczaniecki.jpg\" alt=\"\" class=\"wp-image-175\" width=\"849\" height=\"618\" srcset=\"https:\/\/www.inafashion.com.pl\/wp-content\/uploads\/2021\/06\/szczaniecki.jpg 526w, https:\/\/www.inafashion.com.pl\/wp-content\/uploads\/2021\/06\/szczaniecki-300x218.jpg 300w\" sizes=\"(max-width: 849px) 100vw, 849px\" \/><\/figure>\n\n\n\n<p><strong>Grupa taneczna \u201eMa\u017coretki\u201d z Zespo\u0142u Szk\u00f3\u0142 w Brudnowie gmina Waganiec<\/strong><\/p>\n\n\n\n<p>Grupa taneczna wyst\u0119puje wraz z M\u0142odzie\u017cow\u0105 Orkiestr\u0105 D\u0119t\u0105 OSP w Waga\u0144cu (\u017ar\u00f3d\u0142o zdj\u0119\u0107 &#8211; ma\u017coretki zs. Brudnowo\/Facebook \/ Kujawy Media). <\/p>\n\n\n\n<figure class=\"wp-block-image size-large is-resized\"><img loading=\"lazy\" src=\"https:\/\/www.inafashion.com.pl\/wp-content\/uploads\/2021\/06\/brudnowo1.jpg\" alt=\"\" class=\"wp-image-262\" width=\"848\" height=\"566\" srcset=\"https:\/\/www.inafashion.com.pl\/wp-content\/uploads\/2021\/06\/brudnowo1.jpg 800w, https:\/\/www.inafashion.com.pl\/wp-content\/uploads\/2021\/06\/brudnowo1-300x200.jpg 300w, https:\/\/www.inafashion.com.pl\/wp-content\/uploads\/2021\/06\/brudnowo1-768x513.jpg 768w\" sizes=\"(max-width: 848px) 100vw, 848px\" \/><\/figure>\n\n\n\n<figure class=\"wp-block-image size-large is-resized\"><img loading=\"lazy\" src=\"https:\/\/www.inafashion.com.pl\/wp-content\/uploads\/2021\/06\/brudnowo2.jpg\" alt=\"\" class=\"wp-image-263\" width=\"848\" height=\"566\" srcset=\"https:\/\/www.inafashion.com.pl\/wp-content\/uploads\/2021\/06\/brudnowo2.jpg 800w, https:\/\/www.inafashion.com.pl\/wp-content\/uploads\/2021\/06\/brudnowo2-300x200.jpg 300w, https:\/\/www.inafashion.com.pl\/wp-content\/uploads\/2021\/06\/brudnowo2-768x513.jpg 768w\" sizes=\"(max-width: 848px) 100vw, 848px\" \/><\/figure>\n\n\n\n<p><strong>Ma\u017coretki Piratki z Gnojnika<\/strong><\/p>\n\n\n\n<figure class=\"wp-block-image size-large\"><img loading=\"lazy\" width=\"1014\" height=\"676\" src=\"https:\/\/www.inafashion.com.pl\/wp-content\/uploads\/2021\/06\/Piratki-Gnojnik.jpg\" alt=\"\" class=\"wp-image-195\" srcset=\"https:\/\/www.inafashion.com.pl\/wp-content\/uploads\/2021\/06\/Piratki-Gnojnik.jpg 1014w, https:\/\/www.inafashion.com.pl\/wp-content\/uploads\/2021\/06\/Piratki-Gnojnik-300x200.jpg 300w, https:\/\/www.inafashion.com.pl\/wp-content\/uploads\/2021\/06\/Piratki-Gnojnik-768x512.jpg 768w, https:\/\/www.inafashion.com.pl\/wp-content\/uploads\/2021\/06\/Piratki-Gnojnik-920x613.jpg 920w\" sizes=\"(max-width: 1014px) 100vw, 1014px\" \/><\/figure>\n\n\n\n<figure class=\"wp-block-image size-large\"><img loading=\"lazy\" width=\"980\" height=\"400\" src=\"https:\/\/www.inafashion.com.pl\/wp-content\/uploads\/2021\/06\/piratki-gnojnik_wm-980x400-1.jpg\" alt=\"\" class=\"wp-image-202\" srcset=\"https:\/\/www.inafashion.com.pl\/wp-content\/uploads\/2021\/06\/piratki-gnojnik_wm-980x400-1.jpg 980w, https:\/\/www.inafashion.com.pl\/wp-content\/uploads\/2021\/06\/piratki-gnojnik_wm-980x400-1-300x122.jpg 300w, https:\/\/www.inafashion.com.pl\/wp-content\/uploads\/2021\/06\/piratki-gnojnik_wm-980x400-1-768x313.jpg 768w\" sizes=\"(max-width: 980px) 100vw, 980px\" \/><\/figure>\n\n\n\n<p><strong>Ma\u017coretki Maestria z \u0141ubnic<\/strong><\/p>\n\n\n\n<p>Zesp\u00f3l mazoretek \u201eMaestria\u201d z \u0141ubnic istnieje od 2003 roku i dzia\u0142a u boku Orkiestry D\u0119tej z \u0141ubnik. Grupa cz\u0119sto wyst\u0119puje, a tak\u017ce bierze udzia\u0142 w wielu wydarzeniach.<\/p>\n\n\n\n<figure class=\"wp-block-image size-large is-resized\"><img loading=\"lazy\" src=\"https:\/\/www.inafashion.com.pl\/wp-content\/uploads\/2021\/06\/Strona-Maestria.jpg\" alt=\"\" class=\"wp-image-159\" width=\"844\" height=\"528\" srcset=\"https:\/\/www.inafashion.com.pl\/wp-content\/uploads\/2021\/06\/Strona-Maestria.jpg 640w, https:\/\/www.inafashion.com.pl\/wp-content\/uploads\/2021\/06\/Strona-Maestria-300x188.jpg 300w\" sizes=\"(max-width: 844px) 100vw, 844px\" \/><\/figure>\n\n\n\n<figure class=\"wp-block-image size-large\"><img loading=\"lazy\" width=\"879\" height=\"573\" src=\"https:\/\/www.inafashion.com.pl\/wp-content\/uploads\/2021\/06\/maestria-lubnice.jpg\" alt=\"\" class=\"wp-image-178\" srcset=\"https:\/\/www.inafashion.com.pl\/wp-content\/uploads\/2021\/06\/maestria-lubnice.jpg 879w, https:\/\/www.inafashion.com.pl\/wp-content\/uploads\/2021\/06\/maestria-lubnice-300x196.jpg 300w, https:\/\/www.inafashion.com.pl\/wp-content\/uploads\/2021\/06\/maestria-lubnice-768x501.jpg 768w\" sizes=\"(max-width: 879px) 100vw, 879px\" \/><\/figure>\n\n\n\n<p><strong>Ma\u017coretki Aurora z Wo\u0142czyna<\/strong><\/p>\n\n\n\n<p>Zesp\u00f3\u0142 ma\u017coretek \u201eAurora\u201d dzia\u0142a przy Wo\u0142czy\u0144skim O\u015brodku Kultury. Mazoretki bior\u0105 udzia\u0142 w lokalnych i og\u00f3lnokrajowych mistrzostwach i maj\u0105 na koncie wiele sukces\u00f3w<\/p>\n\n\n\n<figure class=\"wp-block-image size-large is-resized\"><img loading=\"lazy\" src=\"https:\/\/www.inafashion.com.pl\/wp-content\/uploads\/2021\/06\/wiktoria-2-1-674x1024.jpg\" alt=\"\" class=\"wp-image-210\" width=\"846\" height=\"1285\" srcset=\"https:\/\/www.inafashion.com.pl\/wp-content\/uploads\/2021\/06\/wiktoria-2-1-674x1024.jpg 674w, https:\/\/www.inafashion.com.pl\/wp-content\/uploads\/2021\/06\/wiktoria-2-1-198x300.jpg 198w, https:\/\/www.inafashion.com.pl\/wp-content\/uploads\/2021\/06\/wiktoria-2-1-768x1166.jpg 768w, https:\/\/www.inafashion.com.pl\/wp-content\/uploads\/2021\/06\/wiktoria-2-1.jpg 797w\" sizes=\"(max-width: 846px) 100vw, 846px\" \/><\/figure>\n\n\n\n<figure class=\"wp-block-image size-large is-resized\"><img loading=\"lazy\" src=\"https:\/\/www.inafashion.com.pl\/wp-content\/uploads\/2021\/06\/baletnice.jpg\" alt=\"\" class=\"wp-image-213\" width=\"845\" height=\"633\" srcset=\"https:\/\/www.inafashion.com.pl\/wp-content\/uploads\/2021\/06\/baletnice.jpg 526w, https:\/\/www.inafashion.com.pl\/wp-content\/uploads\/2021\/06\/baletnice-300x225.jpg 300w\" sizes=\"(max-width: 845px) 100vw, 845px\" \/><\/figure>\n\n\n\n<figure class=\"wp-block-image\"><img alt=\"\"\/><\/figure>\n\n\n\n<figure class=\"wp-block-image size-large\"><img loading=\"lazy\" width=\"960\" height=\"390\" src=\"https:\/\/www.inafashion.com.pl\/wp-content\/uploads\/2021\/06\/Mazoretki-Autora-Wolczyn-stroje-marynarskie_wm-960x390-1.jpg\" alt=\"\" class=\"wp-image-190\" srcset=\"https:\/\/www.inafashion.com.pl\/wp-content\/uploads\/2021\/06\/Mazoretki-Autora-Wolczyn-stroje-marynarskie_wm-960x390-1.jpg 960w, https:\/\/www.inafashion.com.pl\/wp-content\/uploads\/2021\/06\/Mazoretki-Autora-Wolczyn-stroje-marynarskie_wm-960x390-1-300x122.jpg 300w, https:\/\/www.inafashion.com.pl\/wp-content\/uploads\/2021\/06\/Mazoretki-Autora-Wolczyn-stroje-marynarskie_wm-960x390-1-768x312.jpg 768w\" sizes=\"(max-width: 960px) 100vw, 960px\" \/><\/figure>\n\n\n\n<figure class=\"wp-block-image size-large is-resized\"><img loading=\"lazy\" src=\"https:\/\/www.inafashion.com.pl\/wp-content\/uploads\/2021\/06\/Kaja-Wolczynski-Osrodek-Kultury_wm.jpg\" alt=\"\" class=\"wp-image-192\" width=\"845\" height=\"1127\" srcset=\"https:\/\/www.inafashion.com.pl\/wp-content\/uploads\/2021\/06\/Kaja-Wolczynski-Osrodek-Kultury_wm.jpg 720w, https:\/\/www.inafashion.com.pl\/wp-content\/uploads\/2021\/06\/Kaja-Wolczynski-Osrodek-Kultury_wm-225x300.jpg 225w\" sizes=\"(max-width: 845px) 100vw, 845px\" \/><\/figure>\n\n\n\n<figure class=\"wp-block-image\"><img alt=\"\"\/><\/figure>\n\n\n\n<p><strong>Ma\u017coretki Gwiazdki z Podd\u0119bic<\/strong><\/p>\n\n\n\n<p>Podd\u0119bickie \u201eGwiazdki\u201d po raz drugi, w trakcie wyst\u0119pu na VIII Otwartych Mistrzostwach Ma\u017coretek Polski \u015arodkowej 2019, w kt\u00f3rych zaj\u0119\u0142y V miejsce.<\/p>\n\n\n\n<figure class=\"wp-block-image size-large\"><img loading=\"lazy\" width=\"1024\" height=\"575\" src=\"https:\/\/www.inafashion.com.pl\/wp-content\/uploads\/2021\/06\/080-1024x575.jpg\" alt=\"\" class=\"wp-image-235\" srcset=\"https:\/\/www.inafashion.com.pl\/wp-content\/uploads\/2021\/06\/080-1024x575.jpg 1024w, https:\/\/www.inafashion.com.pl\/wp-content\/uploads\/2021\/06\/080-300x168.jpg 300w, https:\/\/www.inafashion.com.pl\/wp-content\/uploads\/2021\/06\/080-768x431.jpg 768w, https:\/\/www.inafashion.com.pl\/wp-content\/uploads\/2021\/06\/080-1536x862.jpg 1536w, https:\/\/www.inafashion.com.pl\/wp-content\/uploads\/2021\/06\/080.jpg 1589w\" sizes=\"(max-width: 1024px) 100vw, 1024px\" \/><\/figure>\n\n\n\n<figure class=\"wp-block-image size-large\"><img loading=\"lazy\" width=\"1024\" height=\"571\" src=\"https:\/\/www.inafashion.com.pl\/wp-content\/uploads\/2021\/06\/084-1024x571.jpg\" alt=\"\" class=\"wp-image-236\" srcset=\"https:\/\/www.inafashion.com.pl\/wp-content\/uploads\/2021\/06\/084-1024x571.jpg 1024w, https:\/\/www.inafashion.com.pl\/wp-content\/uploads\/2021\/06\/084-300x167.jpg 300w, https:\/\/www.inafashion.com.pl\/wp-content\/uploads\/2021\/06\/084-768x429.jpg 768w, https:\/\/www.inafashion.com.pl\/wp-content\/uploads\/2021\/06\/084-1536x857.jpg 1536w, https:\/\/www.inafashion.com.pl\/wp-content\/uploads\/2021\/06\/084.jpg 1586w\" sizes=\"(max-width: 1024px) 100vw, 1024px\" \/><\/figure>\n\n\n\n<figure class=\"wp-block-image size-large\"><img loading=\"lazy\" width=\"1024\" height=\"574\" src=\"https:\/\/www.inafashion.com.pl\/wp-content\/uploads\/2021\/06\/087-1024x574.jpg\" alt=\"\" class=\"wp-image-237\" srcset=\"https:\/\/www.inafashion.com.pl\/wp-content\/uploads\/2021\/06\/087-1024x574.jpg 1024w, https:\/\/www.inafashion.com.pl\/wp-content\/uploads\/2021\/06\/087-300x168.jpg 300w, https:\/\/www.inafashion.com.pl\/wp-content\/uploads\/2021\/06\/087-768x430.jpg 768w, https:\/\/www.inafashion.com.pl\/wp-content\/uploads\/2021\/06\/087-1536x860.jpg 1536w, https:\/\/www.inafashion.com.pl\/wp-content\/uploads\/2021\/06\/087.jpg 1580w\" sizes=\"(max-width: 1024px) 100vw, 1024px\" \/><\/figure>\n\n\n\n<figure class=\"wp-block-image size-large\"><img loading=\"lazy\" width=\"1024\" height=\"571\" src=\"https:\/\/www.inafashion.com.pl\/wp-content\/uploads\/2021\/06\/102-1024x571.jpg\" alt=\"\" class=\"wp-image-238\" srcset=\"https:\/\/www.inafashion.com.pl\/wp-content\/uploads\/2021\/06\/102-1024x571.jpg 1024w, https:\/\/www.inafashion.com.pl\/wp-content\/uploads\/2021\/06\/102-300x167.jpg 300w, https:\/\/www.inafashion.com.pl\/wp-content\/uploads\/2021\/06\/102-768x428.jpg 768w, https:\/\/www.inafashion.com.pl\/wp-content\/uploads\/2021\/06\/102-1536x857.jpg 1536w, https:\/\/www.inafashion.com.pl\/wp-content\/uploads\/2021\/06\/102.jpg 1590w\" sizes=\"(max-width: 1024px) 100vw, 1024px\" \/><\/figure>\n\n\n\n<p><strong>Ma\u017coretki Bys\u0142awskie<\/strong><\/p>\n\n\n\n<figure class=\"wp-block-image size-large is-resized\"><img loading=\"lazy\" src=\"https:\/\/www.inafashion.com.pl\/wp-content\/uploads\/2021\/06\/10303738_609029455867658_4848101256192106493_n_wm.jpg\" alt=\"\" class=\"wp-image-198\" width=\"845\" height=\"634\" srcset=\"https:\/\/www.inafashion.com.pl\/wp-content\/uploads\/2021\/06\/10303738_609029455867658_4848101256192106493_n_wm.jpg 640w, https:\/\/www.inafashion.com.pl\/wp-content\/uploads\/2021\/06\/10303738_609029455867658_4848101256192106493_n_wm-300x225.jpg 300w\" sizes=\"(max-width: 845px) 100vw, 845px\" \/><\/figure>\n\n\n\n<figure class=\"wp-block-image size-large is-resized\"><img loading=\"lazy\" src=\"https:\/\/www.inafashion.com.pl\/wp-content\/uploads\/2021\/06\/10344773_609029179201019_3470276356438086998_n_wm.jpg\" alt=\"\" class=\"wp-image-200\" width=\"845\" height=\"564\" srcset=\"https:\/\/www.inafashion.com.pl\/wp-content\/uploads\/2021\/06\/10344773_609029179201019_3470276356438086998_n_wm.jpg 640w, https:\/\/www.inafashion.com.pl\/wp-content\/uploads\/2021\/06\/10344773_609029179201019_3470276356438086998_n_wm-300x200.jpg 300w\" sizes=\"(max-width: 845px) 100vw, 845px\" \/><\/figure>\n\n\n\n<figure class=\"wp-block-image size-large\"><img loading=\"lazy\" width=\"960\" height=\"400\" src=\"https:\/\/www.inafashion.com.pl\/wp-content\/uploads\/2021\/06\/BYSLAWSKIE-MAZORETKI-3-960x400-1.jpg\" alt=\"\" class=\"wp-image-205\" srcset=\"https:\/\/www.inafashion.com.pl\/wp-content\/uploads\/2021\/06\/BYSLAWSKIE-MAZORETKI-3-960x400-1.jpg 960w, https:\/\/www.inafashion.com.pl\/wp-content\/uploads\/2021\/06\/BYSLAWSKIE-MAZORETKI-3-960x400-1-300x125.jpg 300w, https:\/\/www.inafashion.com.pl\/wp-content\/uploads\/2021\/06\/BYSLAWSKIE-MAZORETKI-3-960x400-1-768x320.jpg 768w\" sizes=\"(max-width: 960px) 100vw, 960px\" \/><\/figure>\n\n\n\n<p><strong>Ma\u017coretki VIVA S\u0119dziejowice<\/strong><\/p>\n\n\n\n<p>Na zdj\u0119ciach ma\u017coretki w trakcie Festiwalu Kultury Polskiej na \u017bmudzi<\/p>\n\n\n\n<figure class=\"wp-block-image size-large is-resized\"><img loading=\"lazy\" src=\"https:\/\/www.inafashion.com.pl\/wp-content\/uploads\/2021\/06\/sedziejowice21.jpg\" alt=\"\" class=\"wp-image-169\" width=\"832\" height=\"1478\" srcset=\"https:\/\/www.inafashion.com.pl\/wp-content\/uploads\/2021\/06\/sedziejowice21.jpg 296w, https:\/\/www.inafashion.com.pl\/wp-content\/uploads\/2021\/06\/sedziejowice21-169x300.jpg 169w\" sizes=\"(max-width: 832px) 100vw, 832px\" \/><\/figure>\n\n\n\n<figure class=\"wp-block-image size-large is-resized\"><img loading=\"lazy\" src=\"https:\/\/www.inafashion.com.pl\/wp-content\/uploads\/2021\/06\/sedziejowice.jpg\" alt=\"\" class=\"wp-image-171\" width=\"850\" height=\"477\" srcset=\"https:\/\/www.inafashion.com.pl\/wp-content\/uploads\/2021\/06\/sedziejowice.jpg 526w, https:\/\/www.inafashion.com.pl\/wp-content\/uploads\/2021\/06\/sedziejowice-300x168.jpg 300w\" sizes=\"(max-width: 850px) 100vw, 850px\" \/><\/figure>\n\n\n\n<p><strong>Zesp\u00f3\u0142 ma\u017coretek przy Miejskim Domu Kultury Ligota w Katowicach<\/strong><\/p>\n\n\n\n<figure class=\"wp-block-image size-large is-resized\"><img loading=\"lazy\" src=\"https:\/\/www.inafashion.com.pl\/wp-content\/uploads\/2021\/06\/Ligota-300x200-1.jpg\" alt=\"\" class=\"wp-image-166\" width=\"844\" height=\"563\"\/><\/figure>\n\n\n\n<figure class=\"wp-block-image size-large is-resized\"><img loading=\"lazy\" src=\"https:\/\/www.inafashion.com.pl\/wp-content\/uploads\/2021\/06\/Ligota2.jpg\" alt=\"\" class=\"wp-image-167\" width=\"850\" height=\"567\" srcset=\"https:\/\/www.inafashion.com.pl\/wp-content\/uploads\/2021\/06\/Ligota2.jpg 525w, https:\/\/www.inafashion.com.pl\/wp-content\/uploads\/2021\/06\/Ligota2-300x200.jpg 300w\" sizes=\"(max-width: 850px) 100vw, 850px\" \/><\/figure>\n\n\n\n<p><strong>Ma\u017coretki z przedszkola w G\u0142ogowie <\/strong><\/p>\n\n\n\n<p>W fura\u017cerkach zaprezentowali si\u0119 tak\u017ce ch\u0142opcy z przedszkola.  <\/p>\n\n\n\n<figure class=\"wp-block-image size-large is-resized\"><img loading=\"lazy\" src=\"https:\/\/www.inafashion.com.pl\/wp-content\/uploads\/2021\/06\/Glogow.png\" alt=\"\" class=\"wp-image-180\" width=\"849\" height=\"444\" srcset=\"https:\/\/www.inafashion.com.pl\/wp-content\/uploads\/2021\/06\/Glogow.png 484w, https:\/\/www.inafashion.com.pl\/wp-content\/uploads\/2021\/06\/Glogow-300x157.png 300w\" sizes=\"(max-width: 849px) 100vw, 849px\" \/><\/figure>\n\n\n\n<figure class=\"wp-block-image size-large is-resized\"><img loading=\"lazy\" src=\"https:\/\/www.inafashion.com.pl\/wp-content\/uploads\/2021\/06\/chlopcy-glogow.png\" alt=\"\" class=\"wp-image-181\" width=\"848\" height=\"555\" srcset=\"https:\/\/www.inafashion.com.pl\/wp-content\/uploads\/2021\/06\/chlopcy-glogow.png 526w, https:\/\/www.inafashion.com.pl\/wp-content\/uploads\/2021\/06\/chlopcy-glogow-300x196.png 300w\" sizes=\"(max-width: 848px) 100vw, 848px\" \/><\/figure>\n\n\n\n<p>Ma\u017coretki<\/p>\n\n\n\n<figure class=\"wp-block-image size-large is-resized\"><img loading=\"lazy\" src=\"https:\/\/www.inafashion.com.pl\/wp-content\/uploads\/2021\/06\/zdj1-sandra.jpg\" alt=\"\" class=\"wp-image-173\" width=\"847\" height=\"651\" srcset=\"https:\/\/www.inafashion.com.pl\/wp-content\/uploads\/2021\/06\/zdj1-sandra.jpg 552w, https:\/\/www.inafashion.com.pl\/wp-content\/uploads\/2021\/06\/zdj1-sandra-300x230.jpg 300w\" sizes=\"(max-width: 847px) 100vw, 847px\" \/><\/figure>\n\n\n\n<figure class=\"wp-block-image\"><img alt=\"\"\/><\/figure>\n\n\n\n<p>Ma\u017coretki<\/p>\n\n\n\n<figure class=\"wp-block-image\"><img alt=\"\"\/><\/figure>\n\n\n<p class=\"wp-block-tag-cloud\"><a href=\"https:\/\/www.inafashion.com.pl\/index.php\/tag\/cheerleaderki-stroje\/\" class=\"tag-cloud-link tag-link-14 tag-link-position-1\" style=\"font-size: 8pt;\" aria-label=\"cheerleaderki stroje (1 element)\">cheerleaderki stroje<\/a>\n<a href=\"https:\/\/www.inafashion.com.pl\/index.php\/tag\/cheerleaders-stroje\/\" class=\"tag-cloud-link tag-link-36 tag-link-position-2\" style=\"font-size: 8pt;\" aria-label=\"cheerleaders stroje (1 element)\">cheerleaders stroje<\/a>\n<a href=\"https:\/\/www.inafashion.com.pl\/index.php\/tag\/furazerki-dla-mazoretek\/\" class=\"tag-cloud-link tag-link-3 tag-link-position-3\" style=\"font-size: 8pt;\" aria-label=\"fura\u017cerki dla ma\u017coretek (1 element)\">fura\u017cerki dla ma\u017coretek<\/a>\n<a href=\"https:\/\/www.inafashion.com.pl\/index.php\/tag\/furazerki-producent\/\" class=\"tag-cloud-link tag-link-8 tag-link-position-4\" style=\"font-size: 8pt;\" aria-label=\"fura\u017cerki producent (1 element)\">fura\u017cerki producent<\/a>\n<a href=\"https:\/\/www.inafashion.com.pl\/index.php\/tag\/kostiumy-dla-cheerleaderek\/\" class=\"tag-cloud-link tag-link-18 tag-link-position-5\" style=\"font-size: 8pt;\" aria-label=\"kostiumy dla cheerleaderek (1 element)\">kostiumy dla cheerleaderek<\/a>\n<a href=\"https:\/\/www.inafashion.com.pl\/index.php\/tag\/kostiumy-dla-mazoretek\/\" class=\"tag-cloud-link tag-link-17 tag-link-position-6\" style=\"font-size: 8pt;\" aria-label=\"kostiumy dla ma\u017coretek (1 element)\">kostiumy dla ma\u017coretek<\/a>\n<a href=\"https:\/\/www.inafashion.com.pl\/index.php\/tag\/stroje-cheerleaders-producent\/\" class=\"tag-cloud-link tag-link-38 tag-link-position-7\" style=\"font-size: 8pt;\" aria-label=\"stroje cheerleaders producent (1 element)\">stroje cheerleaders producent<\/a>\n<a href=\"https:\/\/www.inafashion.com.pl\/index.php\/tag\/stroje-dla-cheerleaderek\/\" class=\"tag-cloud-link tag-link-11 tag-link-position-8\" style=\"font-size: 8pt;\" aria-label=\"stroje dla cheerleaderek (1 element)\">stroje dla cheerleaderek<\/a>\n<a href=\"https:\/\/www.inafashion.com.pl\/index.php\/tag\/stroje-dla-cheerleaders\/\" class=\"tag-cloud-link tag-link-37 tag-link-position-9\" style=\"font-size: 8pt;\" aria-label=\"stroje dla cheerleaders (1 element)\">stroje dla cheerleaders<\/a>\n<a href=\"https:\/\/www.inafashion.com.pl\/index.php\/tag\/stroje-dla-duetow\/\" class=\"tag-cloud-link tag-link-41 tag-link-position-10\" style=\"font-size: 8pt;\" aria-label=\"stroje dla duet\u00f3w (1 element)\">stroje dla duet\u00f3w<\/a>\n<a href=\"https:\/\/www.inafashion.com.pl\/index.php\/tag\/stroje-dla-marzoretek\/\" class=\"tag-cloud-link tag-link-16 tag-link-position-11\" style=\"font-size: 8pt;\" aria-label=\"stroje dla mar\u017coretek (1 element)\">stroje dla mar\u017coretek<\/a>\n<a href=\"https:\/\/www.inafashion.com.pl\/index.php\/tag\/stroje-dla-mazoretek\/\" class=\"tag-cloud-link tag-link-12 tag-link-position-12\" style=\"font-size: 8pt;\" aria-label=\"stroje dla ma\u017coretek (1 element)\">stroje dla ma\u017coretek<\/a>\n<a href=\"https:\/\/www.inafashion.com.pl\/index.php\/tag\/stroje-dla-solistek\/\" class=\"tag-cloud-link tag-link-40 tag-link-position-13\" style=\"font-size: 8pt;\" aria-label=\"stroje dla solistek (1 element)\">stroje dla solistek<\/a>\n<a href=\"https:\/\/www.inafashion.com.pl\/index.php\/tag\/stroje-dla-zespolow-tanecznych\/\" class=\"tag-cloud-link tag-link-20 tag-link-position-14\" style=\"font-size: 8pt;\" aria-label=\"stroje dla zespo\u0142\u00f3w tanecznych (1 element)\">stroje dla zespo\u0142\u00f3w tanecznych<\/a>\n<a href=\"https:\/\/www.inafashion.com.pl\/index.php\/tag\/stroje-mazoretki\/\" class=\"tag-cloud-link tag-link-35 tag-link-position-15\" style=\"font-size: 8pt;\" aria-label=\"stroje ma\u017coretki (1 element)\">stroje ma\u017coretki<\/a>\n<a href=\"https:\/\/www.inafashion.com.pl\/index.php\/tag\/stroje-mazoretki-producent\/\" class=\"tag-cloud-link tag-link-39 tag-link-position-16\" style=\"font-size: 8pt;\" aria-label=\"stroje ma\u017coretki producent (1 element)\">stroje ma\u017coretki producent<\/a><\/p>","protected":false},"excerpt":{"rendered":"<p>Zapraszamy do zapoznania si\u0119 z galeri\u0105 zrealizowanych przez nasz\u0105 firm\u0119 projekt\u00f3w. Cieszymy si\u0119, \u017ce po zapoznaniu si\u0119 z informacjami o<\/p>\n<p><a href=\"https:\/\/www.inafashion.com.pl\/index.php\/galeria-zrealizowanych-projektow-inafashion-com-pl\/\" class=\"more-link\">Continue reading<span class=\"screen-reader-text\">Galeria zrealizowanych projekt\u00f3w InaFashion.com.pl<\/span><\/a><\/p>\n","protected":false},"author":1,"featured_media":0,"parent":0,"menu_order":0,"comment_status":"closed","ping_status":"closed","template":"","meta":[],"_links":{"self":[{"href":"https:\/\/www.inafashion.com.pl\/index.php\/wp-json\/wp\/v2\/pages\/47"}],"collection":[{"href":"https:\/\/www.inafashion.com.pl\/index.php\/wp-json\/wp\/v2\/pages"}],"about":[{"href":"https:\/\/www.inafashion.com.pl\/index.php\/wp-json\/wp\/v2\/types\/page"}],"author":[{"embeddable":true,"href":"https:\/\/www.inafashion.com.pl\/index.php\/wp-json\/wp\/v2\/users\/1"}],"replies":[{"embeddable":true,"href":"https:\/\/www.inafashion.com.pl\/index.php\/wp-json\/wp\/v2\/comments?post=47"}],"version-history":[{"count":67,"href":"https:\/\/www.inafashion.com.pl\/index.php\/wp-json\/wp\/v2\/pages\/47\/revisions"}],"predecessor-version":[{"id":336,"href":"https:\/\/www.inafashion.com.pl\/index.php\/wp-json\/wp\/v2\/pages\/47\/revisions\/336"}],"wp:attachment":[{"href":"https:\/\/www.inafashion.com.pl\/index.php\/wp-json\/wp\/v2\/media?parent=47"}],"curies":[{"name":"wp","href":"https:\/\/api.w.org\/{rel}","templated":true}]}}